{"id":2178,"date":"2018-11-08T12:09:44","date_gmt":"2018-11-08T11:09:44","guid":{"rendered":"http:\/\/camping-dordogne.net\/le-camping-de-brantome\/"},"modified":"2025-05-19T17:42:00","modified_gmt":"2025-05-19T15:42:00","slug":"de-camping-van-brantome","status":"publish","type":"page","link":"https:\/\/camping-dordogne.net\/nl\/de-camping-van-brantome\/","title":{"rendered":"De camping van Brant\u00f4me"},"content":{"rendered":"<div id='full_slider_1'  class='avia-fullwidth-slider main_color avia-shadow av-mini-hide  avia-builder-el-0  el_before_av_slideshow_full  avia-builder-el-first   container_wrap sidebar_right'  ><div  class='avia-slideshow av-jo4jk33v-42b5798cbec372b96cc8712cc037eae6 avia-slideshow-featured_large av_slideshow_full avia-slide-slider av-mini-hide av-slideshow-ui av-control-default av-slideshow-manual av-loop-once av-loop-manual-endless av-default-height-applied   avia-slideshow-1' data-slideshow-options=\"{&quot;animation&quot;:&quot;slide&quot;,&quot;autoplay&quot;:false,&quot;loop_autoplay&quot;:&quot;once&quot;,&quot;interval&quot;:5,&quot;loop_manual&quot;:&quot;manual-endless&quot;,&quot;autoplay_stopper&quot;:false,&quot;noNavigation&quot;:false,&quot;bg_slider&quot;:false,&quot;keep_padding&quot;:false,&quot;hoverpause&quot;:false,&quot;show_slide_delay&quot;:0}\"  itemprop=\"image\" itemscope=\"itemscope\" itemtype=\"https:\/\/schema.org\/ImageObject\" ><ul class='avia-slideshow-inner ' style='padding-bottom: 40%;'><li  class='avia-slideshow-slide av-jo4jk33v-42b5798cbec372b96cc8712cc037eae6__0  av-single-slide slide-1 slide-odd'><div data-rel='slideshow-1' class='avia-slide-wrap '   ><img decoding=\"async\" fetchpriority=\"high\" class=\"wp-image-1732 avia-img-lazy-loading-not-1732\"  src=\"https:\/\/camping-dordogne.net\/wp-content\/uploads\/2018\/11\/slide-camping-2-1500x600.jpg\" width=\"1500\" height=\"600\" title='slide-camping-2' alt=''  itemprop=\"thumbnailUrl\" srcset=\"https:\/\/camping-dordogne.net\/wp-content\/uploads\/2018\/11\/slide-camping-2.jpg 1500w, https:\/\/camping-dordogne.net\/wp-content\/uploads\/2018\/11\/slide-camping-2-300x120.jpg 300w, https:\/\/camping-dordogne.net\/wp-content\/uploads\/2018\/11\/slide-camping-2-768x307.jpg 768w, https:\/\/camping-dordogne.net\/wp-content\/uploads\/2018\/11\/slide-camping-2-1030x412.jpg 1030w, https:\/\/camping-dordogne.net\/wp-content\/uploads\/2018\/11\/slide-camping-2-705x282.jpg 705w, https:\/\/camping-dordogne.net\/wp-content\/uploads\/2018\/11\/slide-camping-2-450x180.jpg 450w\" sizes=\"(max-width: 1500px) 100vw, 1500px\" \/><\/div><\/li><\/ul><\/div><\/div>\n<div id='full_slider_2'  class='avia-fullwidth-slider main_color avia-shadow av-desktop-hide av-medium-hide av-small-hide  avia-builder-el-1  el_after_av_slideshow_full  el_before_av_section   slider-not-first container_wrap sidebar_right'  ><div  class='avia-slideshow av-lo4iahcr-9a6d23b85bfc6f208b1cd7444330327c avia-slideshow-featured_large av_slideshow_full avia-slide-slider av-desktop-hide av-medium-hide av-small-hide av-slideshow-ui av-control-default av-slideshow-manual av-loop-once av-loop-manual-endless av-default-height-applied   avia-slideshow-2' data-slideshow-options=\"{&quot;animation&quot;:&quot;slide&quot;,&quot;autoplay&quot;:false,&quot;loop_autoplay&quot;:&quot;once&quot;,&quot;interval&quot;:5,&quot;loop_manual&quot;:&quot;manual-endless&quot;,&quot;autoplay_stopper&quot;:false,&quot;noNavigation&quot;:false,&quot;bg_slider&quot;:false,&quot;keep_padding&quot;:false,&quot;hoverpause&quot;:false,&quot;show_slide_delay&quot;:0}\"  itemprop=\"image\" itemscope=\"itemscope\" itemtype=\"https:\/\/schema.org\/ImageObject\" ><ul class='avia-slideshow-inner ' style='padding-bottom: 40%;'><li  class='avia-slideshow-slide av-lo4iahcr-9a6d23b85bfc6f208b1cd7444330327c__0  av-single-slide slide-1 slide-odd'><div data-rel='slideshow-2' class='avia-slide-wrap '   ><img decoding=\"async\" fetchpriority=\"high\" class=\"wp-image-5138 avia-img-lazy-loading-not-5138\"  src=\"https:\/\/camping-dordogne.net\/wp-content\/uploads\/2023\/10\/slide-camping-2-Mob.jpg\" width=\"400\" height=\"160\" title='slide-camping-2-Mob' alt=''  itemprop=\"thumbnailUrl\" srcset=\"https:\/\/camping-dordogne.net\/wp-content\/uploads\/2023\/10\/slide-camping-2-Mob.jpg 400w, https:\/\/camping-dordogne.net\/wp-content\/uploads\/2023\/10\/slide-camping-2-Mob-300x120.jpg 300w\" sizes=\"(max-width: 400px) 100vw, 400px\" \/><\/div><\/li><\/ul><\/div><\/div>\n<div id='av_section_1'  class='avia-section av-jo4jr3dh-bd87aad1d8010fbcf4a7726365cf64f1 main_color avia-section-no-padding avia-no-border-styling  avia-builder-el-2  el_after_av_slideshow_full  el_before_av_section  avia-bg-style-scroll container_wrap sidebar_right'  ><div class='container av-section-cont-open' ><div class='template-page content  av-content-small alpha units'><div class='post-entry post-entry-type-page post-entry-2178'><div class='entry-content-wrapper clearfix'>\n<div class='flex_column_table av-jo4ken06-1af7fce99d43abd4710b6090c18fccb0 sc-av_one_full av-equal-height-column-flextable'>\n<style type=\"text\/css\" data-created_by=\"avia_inline_auto\" id=\"style-css-av-jo4ken06-1af7fce99d43abd4710b6090c18fccb0\">\n#top .flex_column_table.av-equal-height-column-flextable.av-jo4ken06-1af7fce99d43abd4710b6090c18fccb0{\nmargin-top:-50px;\nmargin-bottom:-50px;\n}\n.flex_column.av-jo4ken06-1af7fce99d43abd4710b6090c18fccb0{\nborder-radius:0px 0px 0px 0px;\npadding:0px 0px 0px 0px;\nbackground-color:#ffffff;\n}\n<\/style>\n<div  class='flex_column av-jo4ken06-1af7fce99d43abd4710b6090c18fccb0 av_one_full  avia-builder-el-3  el_before_av_one_full  avia-builder-el-first  first flex_column_table_cell av-equal-height-column av-align-top av-zero-column-padding  '     ><style type=\"text\/css\" data-created_by=\"avia_inline_auto\" id=\"style-css-av-k25ufsox-a1ce15227e0af77318cdfec4a14ec4c0\">\n#top .av-special-heading.av-k25ufsox-a1ce15227e0af77318cdfec4a14ec4c0{\nmargin:20px 20px 20px 20px;\npadding-bottom:10px;\nfont-size:28px;\n}\nbody .av-special-heading.av-k25ufsox-a1ce15227e0af77318cdfec4a14ec4c0 .av-special-heading-tag .heading-char{\nfont-size:25px;\n}\n#top #wrap_all .av-special-heading.av-k25ufsox-a1ce15227e0af77318cdfec4a14ec4c0 .av-special-heading-tag{\nfont-size:28px;\n}\n.av-special-heading.av-k25ufsox-a1ce15227e0af77318cdfec4a14ec4c0 .av-subheading{\nfont-size:22px;\n}\n\n@media only screen and (min-width: 480px) and (max-width: 767px){ \n#top #wrap_all .av-special-heading.av-k25ufsox-a1ce15227e0af77318cdfec4a14ec4c0 .av-special-heading-tag{\nfont-size:0.8em;\n}\n}\n\n@media only screen and (max-width: 479px){ \n#top #wrap_all .av-special-heading.av-k25ufsox-a1ce15227e0af77318cdfec4a14ec4c0 .av-special-heading-tag{\nfont-size:0.8em;\n}\n}\n<\/style>\n<div  class='av-special-heading av-k25ufsox-a1ce15227e0af77318cdfec4a14ec4c0 av-special-heading-h1 blockquote modern-quote modern-centered  avia-builder-el-4  avia-builder-el-no-sibling  av-inherit-size'><h1 class='av-special-heading-tag '  itemprop=\"headline\"  >Camping**** Brant\u00f4me Peyrelevade<\/h1><div class=\"special-heading-border\"><div class=\"special-heading-inner-border\"><\/div><\/div><\/div><\/div><\/div><!--close column table wrapper. Autoclose: 1 -->\n<style type=\"text\/css\" data-created_by=\"avia_inline_auto\" id=\"style-css-av-20foz-23fc56c1a2485380dc9a4b75ff3b5e47\">\n.flex_column.av-20foz-23fc56c1a2485380dc9a4b75ff3b5e47{\nborder-radius:0px 0px 0px 0px;\npadding:0px 0px 0px 0px;\n}\n<\/style>\n<div  class='flex_column av-20foz-23fc56c1a2485380dc9a4b75ff3b5e47 av_one_full  avia-builder-el-5  el_after_av_one_full  el_before_av_one_fourth  first flex_column_div av-zero-column-padding  column-top-margin'     ><section  class='av_textblock_section av-jo4kzfu9-c2ab1889ebe94e0755d5c94b62a2738d '   itemscope=\"itemscope\" itemtype=\"https:\/\/schema.org\/CreativeWork\" ><div class='avia_textblock'  itemprop=\"text\" ><blockquote>\n<p style=\"text-align: center;\">Kom genieten van een vakantie in al z\u2019n eenvoud, ervaar rust en kalmte in een natuurlijke omgeving, aan de oevers van de rivier de Dronne in de Dordogne P\u00e9rigord.<\/p>\n<\/blockquote>\n<\/div><\/section><br \/>\n\n<style type=\"text\/css\" data-created_by=\"avia_inline_auto\" id=\"style-css-av-2l1vte-93c53adc25770357da09828c1026ae5c\">\n#top .av-special-heading.av-2l1vte-93c53adc25770357da09828c1026ae5c{\nmargin:20px 20px 20px 20px;\npadding-bottom:0;\nfont-size:24px;\n}\nbody .av-special-heading.av-2l1vte-93c53adc25770357da09828c1026ae5c .av-special-heading-tag .heading-char{\nfont-size:25px;\n}\n#top #wrap_all .av-special-heading.av-2l1vte-93c53adc25770357da09828c1026ae5c .av-special-heading-tag{\nfont-size:24px;\n}\n.av-special-heading.av-2l1vte-93c53adc25770357da09828c1026ae5c .av-subheading{\nfont-size:22px;\n}\n\n@media only screen and (min-width: 480px) and (max-width: 767px){ \n#top #wrap_all .av-special-heading.av-2l1vte-93c53adc25770357da09828c1026ae5c .av-special-heading-tag{\nfont-size:0.8em;\n}\n}\n\n@media only screen and (max-width: 479px){ \n#top #wrap_all .av-special-heading.av-2l1vte-93c53adc25770357da09828c1026ae5c .av-special-heading-tag{\nfont-size:0.8em;\n}\n}\n<\/style>\n<div  class='av-special-heading av-2l1vte-93c53adc25770357da09828c1026ae5c av-special-heading-h2 blockquote modern-quote modern-centered  avia-builder-el-7  el_after_av_textblock  el_before_av_hr  av-inherit-size'><h2 class='av-special-heading-tag '  itemprop=\"headline\"  >Welkom in het hart van de Dordogne, in Brant\u00f4me, \u2018het Veneti\u00eb van de P\u00e9rigord\u2019<\/h2><div class=\"special-heading-border\"><div class=\"special-heading-inner-border\"><\/div><\/div><\/div><br \/>\n\n<style type=\"text\/css\" data-created_by=\"avia_inline_auto\" id=\"style-css-av-jo7d0473-3ca425f6f8fedbda6e48996ae9e5f00c\">\n#top .hr.av-jo7d0473-3ca425f6f8fedbda6e48996ae9e5f00c{\nmargin-top:5px;\nmargin-bottom:20px;\n}\n.hr.av-jo7d0473-3ca425f6f8fedbda6e48996ae9e5f00c .hr-inner{\nwidth:50px;\nborder-color:#39a9dc;\n}\n<\/style>\n<div  class='hr av-jo7d0473-3ca425f6f8fedbda6e48996ae9e5f00c hr-custom  avia-builder-el-8  el_after_av_heading  el_before_av_textblock  hr-center hr-icon-no'><span class='hr-inner inner-border-av-border-fat'><span class=\"hr-inner-style\"><\/span><\/span><\/div><br \/>\n<section  class='av_textblock_section av-jo4kzfu9-5-4616a41850d29687b6f8b33f95b9c181 '   itemscope=\"itemscope\" itemtype=\"https:\/\/schema.org\/CreativeWork\" ><div class='avia_textblock'  itemprop=\"text\" ><p>Onze familie camping met 4 sterren verwelkomt u al bijna 30 jaar op een bosrijk terrein dat wordt doorkruist door de rivier de Dronne. De camping ligt op 10 minuten wandelen (1 kilometer via een wandelpad) van het centrum van Brant\u00f4me en P\u00e9rigord, een stadje dat u zal verleiden met zijn middeleeuwse architectuur en het water dat de binnenstad geheel omringd. Hieraan ontleent Brant\u00f4me de bijnaam: \u2018Het Veneti\u00eb van de P\u00e9rigord\u2019.<\/p>\n<\/div><\/section><\/p><\/div>\n<style type=\"text\/css\" data-created_by=\"avia_inline_auto\" id=\"style-css-av-qyxdf-8ed61ec58b225256203565db58a7144f\">\n.flex_column.av-qyxdf-8ed61ec58b225256203565db58a7144f{\nborder-radius:0px 0px 0px 0px;\npadding:0px 0px 0px 0px;\n}\n<\/style>\n<div  class='flex_column av-qyxdf-8ed61ec58b225256203565db58a7144f av_one_fourth  avia-builder-el-10  el_after_av_one_full  el_before_av_one_fourth  first flex_column_div av-zero-column-padding  column-top-margin'     ><style type=\"text\/css\" data-created_by=\"avia_inline_auto\" id=\"style-css-av-jo7bqb6d-77955775a77b01f4a6973277c44e35ef\">\n.avia-image-container.av-jo7bqb6d-77955775a77b01f4a6973277c44e35ef img.avia_image{\nbox-shadow:none;\n}\n.avia-image-container.av-jo7bqb6d-77955775a77b01f4a6973277c44e35ef .av-image-caption-overlay-center{\ncolor:#ffffff;\n}\n<\/style>\n<div  class='avia-image-container av-jo7bqb6d-77955775a77b01f4a6973277c44e35ef av-styling- av-img-linked avia-align-center  avia-builder-el-11  avia-builder-el-no-sibling '   itemprop=\"image\" itemscope=\"itemscope\" itemtype=\"https:\/\/schema.org\/ImageObject\" ><div class=\"avia-image-container-inner\"><div class=\"avia-image-overlay-wrap\"><a href=\"http:\/\/camping-dordogne.net\/wp-content\/uploads\/2018\/11\/dsc_7329.jpg\" class='avia_image '  target=\"_blank\"  rel=\"noopener noreferrer\" aria-label='dsc_7329'><img decoding=\"async\" fetchpriority=\"high\" class='wp-image-1724 avia-img-lazy-loading-not-1724 avia_image ' src=\"https:\/\/camping-dordogne.net\/wp-content\/uploads\/2018\/11\/dsc_7329.jpg\" alt='' title='dsc_7329'  height=\"532\" width=\"800\"  itemprop=\"thumbnailUrl\" srcset=\"https:\/\/camping-dordogne.net\/wp-content\/uploads\/2018\/11\/dsc_7329.jpg 800w, https:\/\/camping-dordogne.net\/wp-content\/uploads\/2018\/11\/dsc_7329-300x200.jpg 300w, https:\/\/camping-dordogne.net\/wp-content\/uploads\/2018\/11\/dsc_7329-768x511.jpg 768w, https:\/\/camping-dordogne.net\/wp-content\/uploads\/2018\/11\/dsc_7329-705x469.jpg 705w, https:\/\/camping-dordogne.net\/wp-content\/uploads\/2018\/11\/dsc_7329-450x299.jpg 450w\" sizes=\"(max-width: 800px) 100vw, 800px\" \/><\/a><\/div><\/div><\/div><\/div>\n<style type=\"text\/css\" data-created_by=\"avia_inline_auto\" id=\"style-css-av-ltc1n-72ce1fb39fc5682f4b093fa6cc84c301\">\n.flex_column.av-ltc1n-72ce1fb39fc5682f4b093fa6cc84c301{\nborder-radius:0px 0px 0px 0px;\npadding:0px 0px 0px 0px;\n}\n<\/style>\n<div  class='flex_column av-ltc1n-72ce1fb39fc5682f4b093fa6cc84c301 av_one_fourth  avia-builder-el-12  el_after_av_one_fourth  el_before_av_one_fourth  flex_column_div av-zero-column-padding  column-top-margin'     ><style type=\"text\/css\" data-created_by=\"avia_inline_auto\" id=\"style-css-av-jo7bosb3-112318f74ce00b8d964c411064449fe3\">\n.avia-image-container.av-jo7bosb3-112318f74ce00b8d964c411064449fe3 img.avia_image{\nbox-shadow:none;\n}\n.avia-image-container.av-jo7bosb3-112318f74ce00b8d964c411064449fe3 .av-image-caption-overlay-center{\ncolor:#ffffff;\n}\n<\/style>\n<div  class='avia-image-container av-jo7bosb3-112318f74ce00b8d964c411064449fe3 av-styling- av-img-linked avia-align-center  avia-builder-el-13  avia-builder-el-no-sibling '   itemprop=\"image\" itemscope=\"itemscope\" itemtype=\"https:\/\/schema.org\/ImageObject\" ><div class=\"avia-image-container-inner\"><div class=\"avia-image-overlay-wrap\"><a href=\"http:\/\/camping-dordogne.net\/wp-content\/uploads\/2018\/11\/slide-lieux-08.jpg\" class='avia_image '  target=\"_blank\"  rel=\"noopener noreferrer\" aria-label='slide-lieux-08'><img decoding=\"async\" fetchpriority=\"high\" class='wp-image-1720 avia-img-lazy-loading-not-1720 avia_image ' src=\"https:\/\/camping-dordogne.net\/wp-content\/uploads\/2018\/11\/slide-lieux-08.jpg\" alt='' title='slide-lieux-08'  height=\"425\" width=\"640\"  itemprop=\"thumbnailUrl\" srcset=\"https:\/\/camping-dordogne.net\/wp-content\/uploads\/2018\/11\/slide-lieux-08.jpg 640w, https:\/\/camping-dordogne.net\/wp-content\/uploads\/2018\/11\/slide-lieux-08-300x199.jpg 300w, https:\/\/camping-dordogne.net\/wp-content\/uploads\/2018\/11\/slide-lieux-08-450x299.jpg 450w\" sizes=\"(max-width: 640px) 100vw, 640px\" \/><\/a><\/div><\/div><\/div><\/div>\n<style type=\"text\/css\" data-created_by=\"avia_inline_auto\" id=\"style-css-av-hfvu3-8870c8ca4399a8e021ded6bd6c18907a\">\n.flex_column.av-hfvu3-8870c8ca4399a8e021ded6bd6c18907a{\nborder-radius:0px 0px 0px 0px;\npadding:0px 0px 0px 0px;\n}\n<\/style>\n<div  class='flex_column av-hfvu3-8870c8ca4399a8e021ded6bd6c18907a av_one_fourth  avia-builder-el-14  el_after_av_one_fourth  el_before_av_one_fourth  flex_column_div av-zero-column-padding  column-top-margin'     ><style type=\"text\/css\" data-created_by=\"avia_inline_auto\" id=\"style-css-av-jo7bpjhi-a197a2cd35e0ca53e5681a9490e72b16\">\n.avia-image-container.av-jo7bpjhi-a197a2cd35e0ca53e5681a9490e72b16 img.avia_image{\nbox-shadow:none;\n}\n.avia-image-container.av-jo7bpjhi-a197a2cd35e0ca53e5681a9490e72b16 .av-image-caption-overlay-center{\ncolor:#ffffff;\n}\n<\/style>\n<div  class='avia-image-container av-jo7bpjhi-a197a2cd35e0ca53e5681a9490e72b16 av-styling- av-img-linked avia-align-center  avia-builder-el-15  avia-builder-el-no-sibling '   itemprop=\"image\" itemscope=\"itemscope\" itemtype=\"https:\/\/schema.org\/ImageObject\" ><div class=\"avia-image-container-inner\"><div class=\"avia-image-overlay-wrap\"><a href=\"http:\/\/camping-dordogne.net\/wp-content\/uploads\/2018\/11\/brantome-2.jpg\" class='avia_image '  target=\"_blank\"  rel=\"noopener noreferrer\" aria-label='brantome-2'><img decoding=\"async\" fetchpriority=\"high\" class='wp-image-1722 avia-img-lazy-loading-not-1722 avia_image ' src=\"https:\/\/camping-dordogne.net\/wp-content\/uploads\/2018\/11\/brantome-2.jpg\" alt='' title='brantome-2'  height=\"518\" width=\"800\"  itemprop=\"thumbnailUrl\" srcset=\"https:\/\/camping-dordogne.net\/wp-content\/uploads\/2018\/11\/brantome-2.jpg 800w, https:\/\/camping-dordogne.net\/wp-content\/uploads\/2018\/11\/brantome-2-300x194.jpg 300w, https:\/\/camping-dordogne.net\/wp-content\/uploads\/2018\/11\/brantome-2-768x497.jpg 768w, https:\/\/camping-dordogne.net\/wp-content\/uploads\/2018\/11\/brantome-2-705x456.jpg 705w, https:\/\/camping-dordogne.net\/wp-content\/uploads\/2018\/11\/brantome-2-450x291.jpg 450w\" sizes=\"(max-width: 800px) 100vw, 800px\" \/><\/a><\/div><\/div><\/div><\/div>\n<style type=\"text\/css\" data-created_by=\"avia_inline_auto\" id=\"style-css-av-7v7nn-43bf7b9d86305c17c51920921adac0b3\">\n.flex_column.av-7v7nn-43bf7b9d86305c17c51920921adac0b3{\nborder-radius:0px 0px 0px 0px;\npadding:0px 0px 0px 0px;\n}\n<\/style>\n<div  class='flex_column av-7v7nn-43bf7b9d86305c17c51920921adac0b3 av_one_fourth  avia-builder-el-16  el_after_av_one_fourth  el_before_av_hr  flex_column_div av-zero-column-padding  column-top-margin'     ><style type=\"text\/css\" data-created_by=\"avia_inline_auto\" id=\"style-css-av-jo7bob5k-267be42d90caea47f57e8f44298d2255\">\n.avia-image-container.av-jo7bob5k-267be42d90caea47f57e8f44298d2255 img.avia_image{\nbox-shadow:none;\n}\n.avia-image-container.av-jo7bob5k-267be42d90caea47f57e8f44298d2255 .av-image-caption-overlay-center{\ncolor:#ffffff;\n}\n<\/style>\n<div  class='avia-image-container av-jo7bob5k-267be42d90caea47f57e8f44298d2255 av-styling- av-img-linked avia-align-center  avia-builder-el-17  avia-builder-el-no-sibling '   itemprop=\"image\" itemscope=\"itemscope\" itemtype=\"https:\/\/schema.org\/ImageObject\" ><div class=\"avia-image-container-inner\"><div class=\"avia-image-overlay-wrap\"><a href=\"http:\/\/camping-dordogne.net\/wp-content\/uploads\/2018\/11\/dsc_7347.jpg\" class='avia_image '  target=\"_blank\"  rel=\"noopener noreferrer\" aria-label='dsc_7347'><img decoding=\"async\" fetchpriority=\"high\" class='wp-image-1718 avia-img-lazy-loading-not-1718 avia_image ' src=\"https:\/\/camping-dordogne.net\/wp-content\/uploads\/2018\/11\/dsc_7347.jpg\" alt='' title='dsc_7347'  height=\"532\" width=\"800\"  itemprop=\"thumbnailUrl\" srcset=\"https:\/\/camping-dordogne.net\/wp-content\/uploads\/2018\/11\/dsc_7347.jpg 800w, https:\/\/camping-dordogne.net\/wp-content\/uploads\/2018\/11\/dsc_7347-300x200.jpg 300w, https:\/\/camping-dordogne.net\/wp-content\/uploads\/2018\/11\/dsc_7347-768x511.jpg 768w, https:\/\/camping-dordogne.net\/wp-content\/uploads\/2018\/11\/dsc_7347-705x469.jpg 705w, https:\/\/camping-dordogne.net\/wp-content\/uploads\/2018\/11\/dsc_7347-450x299.jpg 450w\" sizes=\"(max-width: 800px) 100vw, 800px\" \/><\/a><\/div><\/div><\/div><\/div>\n<style type=\"text\/css\" data-created_by=\"avia_inline_auto\" id=\"style-css-av-jo7btnva-409a346e201215f90ba29cea911c2144\">\n#top .hr.hr-invisible.av-jo7btnva-409a346e201215f90ba29cea911c2144{\nheight:30px;\n}\n<\/style>\n<div  class='hr av-jo7btnva-409a346e201215f90ba29cea911c2144 hr-invisible  avia-builder-el-18  el_after_av_one_fourth  avia-builder-el-last '><span class='hr-inner '><span class=\"hr-inner-style\"><\/span><\/span><\/div>\n<\/div><\/div><\/div><!-- close content main div --><\/div><\/div>\n<style type=\"text\/css\" data-created_by=\"avia_inline_auto\" id=\"style-css-av-jo7bwlcx-47f93da1d1ecb4d86980e39f7cb720ae\">\n.avia-section.av-jo7bwlcx-47f93da1d1ecb4d86980e39f7cb720ae{\nbackground-color:#f8f3ed;\nbackground-image:unset;\n}\n<\/style>\n<div id='av_section_2'  class='avia-section av-jo7bwlcx-47f93da1d1ecb4d86980e39f7cb720ae main_color avia-section-default avia-no-border-styling  avia-builder-el-19  el_after_av_section  el_before_av_section  avia-bg-style-scroll container_wrap sidebar_right'  ><div class='container av-section-cont-open' ><div class='template-page content  av-content-small alpha units'><div class='post-entry post-entry-type-page post-entry-2178'><div class='entry-content-wrapper clearfix'>\n\n<style type=\"text\/css\" data-created_by=\"avia_inline_auto\" id=\"style-css-av-62sz-f06e7eafa3d61b59fc318893e9f1c832\">\n.flex_column.av-62sz-f06e7eafa3d61b59fc318893e9f1c832{\nborder-radius:0px 0px 0px 0px;\npadding:0px 0px 0px 0px;\n}\n<\/style>\n<div  class='flex_column av-62sz-f06e7eafa3d61b59fc318893e9f1c832 av_one_half  avia-builder-el-20  el_before_av_one_half  avia-builder-el-first  first flex_column_div av-zero-column-padding  '     ><section  class='av_textblock_section av-jo4kj3yk-397aab757f7fb1cc32e1679f3ef6b19d '   itemscope=\"itemscope\" itemtype=\"https:\/\/schema.org\/CreativeWork\" ><div class='avia_textblock'  itemprop=\"text\" ><p>Aan de poort van het Regionale Natuurpark van de P\u00e9rigord bieden wij u een unieke omgeving om de Dordogne te ontdekken, zowel voor liefhebbers van de natuur (wandelpaden), gastronomie (foie gras, truffels, walnoottaart) en cultuur (musea, de grotten van Lascaux, kastelen).<\/p>\n<p>We ontvangen u op een mooi landschappelijk terrein van 5 hectare, bebost met verschillende soorten bomen en struiken. De camping wordt doorkruist door de rivier de Dronne, een rivier van de 1e categorie.<br \/>\nWe beschikken over 157 kampeerplaatsen van 100 tot 200 m2, in de zon, half-schaduw of schaduw. U vindt ongetwijfeld een plek naar wens voor een aangename vakantie of u nu alleen, met z\u2019n twee\u00ebn, met uw gezin of met vrienden bent.<\/p>\n<\/div><\/section><\/div>\n<style type=\"text\/css\" data-created_by=\"avia_inline_auto\" id=\"style-css-av-2sqz-95355f51c0117f0e5f98ed400742a59a\">\n.flex_column.av-2sqz-95355f51c0117f0e5f98ed400742a59a{\nborder-radius:0px 0px 0px 0px;\npadding:0px 0px 0px 0px;\n}\n<\/style>\n<div  class='flex_column av-2sqz-95355f51c0117f0e5f98ed400742a59a av_one_half  avia-builder-el-22  el_after_av_one_half  el_before_av_hr  flex_column_div av-zero-column-padding  '     ><style type=\"text\/css\" data-created_by=\"avia_inline_auto\" id=\"style-css-av-jo4kjhrk-f55c99c2f0f4facd326729f59e0612dc\">\n.avia-image-container.av-jo4kjhrk-f55c99c2f0f4facd326729f59e0612dc img.avia_image{\nbox-shadow:none;\n}\n.avia-image-container.av-jo4kjhrk-f55c99c2f0f4facd326729f59e0612dc .av-image-caption-overlay-center{\ncolor:#ffffff;\n}\n<\/style>\n<div  class='avia-image-container av-jo4kjhrk-f55c99c2f0f4facd326729f59e0612dc av-styling- avia-align-center  avia-builder-el-23  avia-builder-el-no-sibling '   itemprop=\"image\" itemscope=\"itemscope\" itemtype=\"https:\/\/schema.org\/ImageObject\" ><div class=\"avia-image-container-inner\"><div class=\"avia-image-overlay-wrap\"><img decoding=\"async\" fetchpriority=\"high\" class='wp-image-1726 avia-img-lazy-loading-not-1726 avia_image ' src=\"https:\/\/camping-dordogne.net\/wp-content\/uploads\/2018\/11\/slide-lieux-10.jpg\" alt='' title='slide-lieux-10'  height=\"425\" width=\"640\"  itemprop=\"thumbnailUrl\" srcset=\"https:\/\/camping-dordogne.net\/wp-content\/uploads\/2018\/11\/slide-lieux-10.jpg 640w, https:\/\/camping-dordogne.net\/wp-content\/uploads\/2018\/11\/slide-lieux-10-300x199.jpg 300w, https:\/\/camping-dordogne.net\/wp-content\/uploads\/2018\/11\/slide-lieux-10-450x299.jpg 450w\" sizes=\"(max-width: 640px) 100vw, 640px\" \/><\/div><\/div><\/div><\/div>\n<style type=\"text\/css\" data-created_by=\"avia_inline_auto\" id=\"style-css-av-jo7btnva-2-ed332c74579077591dfb61df6b7ad51f\">\n#top .hr.hr-invisible.av-jo7btnva-2-ed332c74579077591dfb61df6b7ad51f{\nheight:10px;\n}\n<\/style>\n<div  class='hr av-jo7btnva-2-ed332c74579077591dfb61df6b7ad51f hr-invisible  avia-builder-el-24  el_after_av_one_half  avia-builder-el-last '><span class='hr-inner '><span class=\"hr-inner-style\"><\/span><\/span><\/div>\n<\/p>\n<\/div><\/div><\/div><!-- close content main div --><\/div><\/div><div id='av_section_3'  class='avia-section av-jo4l7zcq-6f6742120160fc54287e4507a6375b1b main_color avia-section-default avia-no-border-styling  avia-builder-el-25  el_after_av_section  el_before_av_section  avia-bg-style-parallax av-minimum-height av-minimum-height-custom av-height-custom  av-section-with-video-bg container_wrap sidebar_right'   data-av_minimum_height_px='800' data-section-video-ratio='16:9'><div  class='avia-slideshow av_slideshow_obj-1-69ee85746cffb avia-slideshow-featured av_slideshow avia-slide-slider av-slideshow-ui av-control-default av-slideshow-manual av-loop-once av-loop-manual-endless av-default-height-applied  av-section-video-bg avia-slideshow-3' data-slideshow-options=\"{&quot;animation&quot;:&quot;slide&quot;,&quot;autoplay&quot;:false,&quot;loop_autoplay&quot;:&quot;once&quot;,&quot;interval&quot;:5,&quot;loop_manual&quot;:&quot;manual-endless&quot;,&quot;autoplay_stopper&quot;:false,&quot;noNavigation&quot;:false,&quot;bg_slider&quot;:false,&quot;keep_padding&quot;:false,&quot;hoverpause&quot;:false,&quot;show_slide_delay&quot;:0}\"  itemprop=\"image\" itemscope=\"itemscope\" itemtype=\"https:\/\/schema.org\/ImageObject\" ><ul class='avia-slideshow-inner ' style='padding-bottom: 28.666666666667%;'><li  data-controls='disabled' data-mute='aviaTBaviaTBvideo_mute' data-loop='1' data-disable-autoplay=''  data-video-ratio='1.7777777777778' class='avia-slideshow-slide av_slideshow_obj-1-69ee85746cffb__0  av-video-slide  av-video-service-youtube  av-hide-video-controls av-mute-video av-loop-video  av-single-slide slide-1 slide-odd'><div data-rel='slideshow-3' class='avia-slide-wrap '   ><div class='av-click-overlay'><\/div><div class='mejs-mediaelement'  itemprop=\"video\" itemtype=\"https:\/\/schema.org\/VideoObject\" ><div height='1600' width='900' class='av_youtube_frame' id='player_2178_1061795593_1264133210'  data-autoplay='0'  data-videoid='eIdfWEVw3bc'  data-hd='1'  data-rel='0'  data-wmode='opaque'  data-loop='0'  data-version='3'  data-autohide='1'  data-color='white'  data-controls='0'  data-iv_load_policy='3'  data-original_url='https:\/\/youtu.be\/eIdfWEVw3bc' ><\/div><\/div><div class=\"av-click-to-play-overlay\"><div class=\"avia_playpause_icon\"><\/div><\/div><\/div><\/li><\/ul><\/div><div class='container av-section-cont-open' style='height:800px'><div class='template-page content  av-content-small alpha units'><div class='post-entry post-entry-type-page post-entry-2178'><div class='entry-content-wrapper clearfix'>\n<\/div><\/div><\/div><!-- close content main div --><\/div><\/div>\n<style type=\"text\/css\" data-created_by=\"avia_inline_auto\" id=\"style-css-av-bf8gb-4dc1b59b562f64c382bd815b96ac8e9e\">\n.avia-section.av-bf8gb-4dc1b59b562f64c382bd815b96ac8e9e{\nbackground-color:#f8f3ed;\nbackground-image:unset;\n}\n<\/style>\n<div id='av_section_4'  class='avia-section av-bf8gb-4dc1b59b562f64c382bd815b96ac8e9e main_color avia-section-default avia-no-border-styling  avia-builder-el-26  el_after_av_section  avia-builder-el-last  avia-bg-style-scroll container_wrap sidebar_right'  ><div class='container av-section-cont-open' ><div class='template-page content  av-content-small alpha units'><div class='post-entry post-entry-type-page post-entry-2178'><div class='entry-content-wrapper clearfix'>\n\n<style type=\"text\/css\" data-created_by=\"avia_inline_auto\" id=\"style-css-av-k25ug7rp-64992dbae2894c2f4943da50b7b117e4\">\n#top .av-special-heading.av-k25ug7rp-64992dbae2894c2f4943da50b7b117e4{\nmargin:20px 20px 20px 20px;\npadding-bottom:0;\nfont-size:24px;\n}\nbody .av-special-heading.av-k25ug7rp-64992dbae2894c2f4943da50b7b117e4 .av-special-heading-tag .heading-char{\nfont-size:25px;\n}\n#top #wrap_all .av-special-heading.av-k25ug7rp-64992dbae2894c2f4943da50b7b117e4 .av-special-heading-tag{\nfont-size:24px;\n}\n.av-special-heading.av-k25ug7rp-64992dbae2894c2f4943da50b7b117e4 .av-subheading{\nfont-size:22px;\n}\n\n@media only screen and (min-width: 480px) and (max-width: 767px){ \n#top #wrap_all .av-special-heading.av-k25ug7rp-64992dbae2894c2f4943da50b7b117e4 .av-special-heading-tag{\nfont-size:0.8em;\n}\n}\n\n@media only screen and (max-width: 479px){ \n#top #wrap_all .av-special-heading.av-k25ug7rp-64992dbae2894c2f4943da50b7b117e4 .av-special-heading-tag{\nfont-size:0.8em;\n}\n}\n<\/style>\n<div  class='av-special-heading av-k25ug7rp-64992dbae2894c2f4943da50b7b117e4 av-special-heading-h2 blockquote modern-quote modern-centered  avia-builder-el-27  el_before_av_hr  avia-builder-el-first  av-inherit-size'><h2 class='av-special-heading-tag '  itemprop=\"headline\"  >Camping Brant\u00f4me Peyrelevade \u2013 Camping met 4 sterren in de Dordogne P\u00e9rigord<\/h2><div class=\"special-heading-border\"><div class=\"special-heading-inner-border\"><\/div><\/div><\/div>\n\n<style type=\"text\/css\" data-created_by=\"avia_inline_auto\" id=\"style-css-av-jo7d0473-4-02099f19238b72a0a1cc152fcbf733f7\">\n#top .hr.av-jo7d0473-4-02099f19238b72a0a1cc152fcbf733f7{\nmargin-top:5px;\nmargin-bottom:20px;\n}\n.hr.av-jo7d0473-4-02099f19238b72a0a1cc152fcbf733f7 .hr-inner{\nwidth:50px;\nborder-color:#39a9dc;\n}\n<\/style>\n<div  class='hr av-jo7d0473-4-02099f19238b72a0a1cc152fcbf733f7 hr-custom  avia-builder-el-28  el_after_av_heading  el_before_av_one_half  hr-center hr-icon-no'><span class='hr-inner inner-border-av-border-fat'><span class=\"hr-inner-style\"><\/span><\/span><\/div>\n\n<style type=\"text\/css\" data-created_by=\"avia_inline_auto\" id=\"style-css-av-9thqz-ebd2c808909ac6826a31c485e8d19d26\">\n.flex_column.av-9thqz-ebd2c808909ac6826a31c485e8d19d26{\nborder-radius:0px 0px 0px 0px;\npadding:0px 0px 0px 0px;\n}\n<\/style>\n<div  class='flex_column av-9thqz-ebd2c808909ac6826a31c485e8d19d26 av_one_half  avia-builder-el-29  el_after_av_hr  el_before_av_one_half  first flex_column_div av-zero-column-padding  '     ><section  class='av_textblock_section av-96fi3-75f5088b1c1a7840bd3d81d8d8d23768 '   itemscope=\"itemscope\" itemtype=\"https:\/\/schema.org\/CreativeWork\" ><div class='avia_textblock'  itemprop=\"text\" ><h4><span style=\"color: #97bf0d;\">Geniet van de warmte van de zomers in de P\u00e9rigord!<\/span><\/h4>\n<p>U kunt kiezen tussen ons waterpark (zwembad, peuterbad, Splash-zone), zwemmen in de rivier, en het witte zandstrand.<\/p>\n<h4><span style=\"color: #97bf0d;\">Wilt u de Dordogne en de P\u00e9rigord Vert ontdekken?<\/span><\/h4>\n<p>Zodra u de camping verlaat, kunt u direct kiezen voor een van de vele wandelpaden in het bos, als u wat verder weg gaat kunt u naar de grot van Villars, het middeleeuwse dorp Bourdeilles, de musea van P\u00e9rigueux, de grotten van Lascaux en de boerenmarkten. Wij raden u van harte aan de Dordogne te ontdekken!<\/p>\n<p>In de zomermaanden organiseert de camping regelmatig gezellige activiteiten: de kinderclub voor kinderen van 4 tot 12 jaar, jeu de boules-, tafeltennis-, volleybal- en voetbaltoernooien\u2026, plezier gegarandeerd voor het hele gezin.<br \/>\nEr is ook een muziekavond per week, vergeet vooral niet de nautische steekspel wedstrijden in Brant\u00f4me te bezoeken, deze vinden elke vrijdag in de zomer plaats.<\/p>\n<\/div><\/section><\/div>\n<style type=\"text\/css\" data-created_by=\"avia_inline_auto\" id=\"style-css-av-jo4km35q-da4087d780d2e36c1ae85f65494aa8bf\">\n.flex_column.av-jo4km35q-da4087d780d2e36c1ae85f65494aa8bf{\nborder-radius:0 0 0 0;\npadding:0px 0px 0px 0px;\n}\n<\/style>\n<div  class='flex_column av-jo4km35q-da4087d780d2e36c1ae85f65494aa8bf av_one_half  avia-builder-el-31  el_after_av_one_half  el_before_av_textblock  flex_column_div av-zero-column-padding  '     ><style type=\"text\/css\" data-created_by=\"avia_inline_auto\" id=\"style-css-av-jo4kjhrk-1-4600c2cc149e3e80772224ce148b1048\">\n.avia-image-container.av-jo4kjhrk-1-4600c2cc149e3e80772224ce148b1048 img.avia_image{\nbox-shadow:none;\n}\n.avia-image-container.av-jo4kjhrk-1-4600c2cc149e3e80772224ce148b1048 .av-image-caption-overlay-center{\ncolor:#ffffff;\n}\n<\/style>\n<div  class='avia-image-container av-jo4kjhrk-1-4600c2cc149e3e80772224ce148b1048 av-styling- avia-align-center  avia-builder-el-32  avia-builder-el-no-sibling '   itemprop=\"image\" itemscope=\"itemscope\" itemtype=\"https:\/\/schema.org\/ImageObject\" ><div class=\"avia-image-container-inner\"><div class=\"avia-image-overlay-wrap\"><img decoding=\"async\" fetchpriority=\"high\" class='wp-image-1728 avia-img-lazy-loading-not-1728 avia_image ' src=\"https:\/\/camping-dordogne.net\/wp-content\/uploads\/2018\/11\/joute-brantome.jpg\" alt='' title='joute-brantome'  height=\"600\" width=\"800\"  itemprop=\"thumbnailUrl\" srcset=\"https:\/\/camping-dordogne.net\/wp-content\/uploads\/2018\/11\/joute-brantome.jpg 800w, https:\/\/camping-dordogne.net\/wp-content\/uploads\/2018\/11\/joute-brantome-300x225.jpg 300w, https:\/\/camping-dordogne.net\/wp-content\/uploads\/2018\/11\/joute-brantome-768x576.jpg 768w, https:\/\/camping-dordogne.net\/wp-content\/uploads\/2018\/11\/joute-brantome-705x529.jpg 705w, https:\/\/camping-dordogne.net\/wp-content\/uploads\/2018\/11\/joute-brantome-450x338.jpg 450w\" sizes=\"(max-width: 800px) 100vw, 800px\" \/><\/div><\/div><\/div><\/div><section  class='av_textblock_section av-jo4kzfu9-3-ddd67e236e103ec358a99d9e4aaa5719 '   itemscope=\"itemscope\" itemtype=\"https:\/\/schema.org\/CreativeWork\" ><div class='avia_textblock'  itemprop=\"text\" ><blockquote>\n<p>\u201cDe luxe is de ruimte! De kampeerplaatsen zijn enorm groot.\u201d<br \/>\n\u201cHier heeft men de ruinte!\u201d<\/p>\n<\/blockquote>\n<\/div><\/section>\n\n<style type=\"text\/css\" data-created_by=\"avia_inline_auto\" id=\"style-css-av-jpawm41z-bec0b835ebeb7c69a564a5aa7801d82b\">\n.avia-image-container.av-jpawm41z-bec0b835ebeb7c69a564a5aa7801d82b img.avia_image{\nbox-shadow:none;\n}\n.avia-image-container.av-jpawm41z-bec0b835ebeb7c69a564a5aa7801d82b .av-image-caption-overlay-center{\ncolor:#ffffff;\n}\n<\/style>\n<div  class='avia-image-container av-jpawm41z-bec0b835ebeb7c69a564a5aa7801d82b av-styling- avia_animated_image av-animated-when-visible-95 bottom-to-top avia-align-center  avia-builder-el-34  el_after_av_textblock  el_before_av_image  av-mini-hide'   itemprop=\"image\" itemscope=\"itemscope\" itemtype=\"https:\/\/schema.org\/ImageObject\" ><div class=\"avia-image-container-inner\"><div class=\"avia-image-overlay-wrap\"><img decoding=\"async\" fetchpriority=\"high\" class='wp-image-2132 avia-img-lazy-loading-not-2132 avia_image ' src=\"https:\/\/camping-dordogne.net\/wp-content\/uploads\/2018\/12\/slide-bord-de-riviere.jpg\" alt='' title='slide-bord-de-riviere'  height=\"600\" width=\"1500\"  itemprop=\"thumbnailUrl\" srcset=\"https:\/\/camping-dordogne.net\/wp-content\/uploads\/2018\/12\/slide-bord-de-riviere.jpg 1500w, https:\/\/camping-dordogne.net\/wp-content\/uploads\/2018\/12\/slide-bord-de-riviere-300x120.jpg 300w, https:\/\/camping-dordogne.net\/wp-content\/uploads\/2018\/12\/slide-bord-de-riviere-768x307.jpg 768w, https:\/\/camping-dordogne.net\/wp-content\/uploads\/2018\/12\/slide-bord-de-riviere-1030x412.jpg 1030w, https:\/\/camping-dordogne.net\/wp-content\/uploads\/2018\/12\/slide-bord-de-riviere-705x282.jpg 705w, https:\/\/camping-dordogne.net\/wp-content\/uploads\/2018\/12\/slide-bord-de-riviere-450x180.jpg 450w\" sizes=\"(max-width: 1500px) 100vw, 1500px\" \/><\/div><\/div><\/div>\n\n<style type=\"text\/css\" data-created_by=\"avia_inline_auto\" id=\"style-css-av-lo4ib4zh-2555107d5f6a60a032b00474d04214fe\">\n.avia-image-container.av-lo4ib4zh-2555107d5f6a60a032b00474d04214fe img.avia_image{\nbox-shadow:none;\n}\n.avia-image-container.av-lo4ib4zh-2555107d5f6a60a032b00474d04214fe .av-image-caption-overlay-center{\ncolor:#ffffff;\n}\n<\/style>\n<div  class='avia-image-container av-lo4ib4zh-2555107d5f6a60a032b00474d04214fe av-styling- avia_animated_image av-animated-when-visible-95 bottom-to-top avia-align-center  avia-builder-el-35  el_after_av_image  avia-builder-el-last  av-desktop-hide av-medium-hide av-small-hide'   itemprop=\"image\" itemscope=\"itemscope\" itemtype=\"https:\/\/schema.org\/ImageObject\" ><div class=\"avia-image-container-inner\"><div class=\"avia-image-overlay-wrap\"><img decoding=\"async\" fetchpriority=\"high\" class='wp-image-5142 avia-img-lazy-loading-not-5142 avia_image ' src=\"https:\/\/camping-dordogne.net\/wp-content\/uploads\/2023\/10\/slide-bord-de-riviere-Mob.jpg\" alt='' title='slide-bord-de-riviere-Mob'  height=\"160\" width=\"400\"  itemprop=\"thumbnailUrl\" srcset=\"https:\/\/camping-dordogne.net\/wp-content\/uploads\/2023\/10\/slide-bord-de-riviere-Mob.jpg 400w, https:\/\/camping-dordogne.net\/wp-content\/uploads\/2023\/10\/slide-bord-de-riviere-Mob-300x120.jpg 300w\" sizes=\"(max-width: 400px) 100vw, 400px\" \/><\/div><\/div><\/div>\n<\/div><\/div><\/div><!-- close content main div --><\/div><\/div><div id='after_section_4'  class='main_color av_default_container_wrap container_wrap sidebar_right'  ><div class='container av-section-cont-open' ><div class='template-page content  av-content-small alpha units'><div class='post-entry post-entry-type-page post-entry-2178'><div class='entry-content-wrapper clearfix'>\n","protected":false},"excerpt":{"rendered":"","protected":false},"author":1,"featured_media":0,"parent":0,"menu_order":0,"comment_status":"closed","ping_status":"closed","template":"","meta":{"footnotes":""},"class_list":["post-2178","page","type-page","status-publish","hentry"],"yoast_head":"<!-- This site is optimized with the Yoast SEO plugin v27.4 - https:\/\/yoast.com\/product\/yoast-seo-wordpress\/ -->\n<title>Familiecamping 4 sterren in Brant\u00f4me in de Dordogne 24<\/title>\n<meta name=\"description\" content=\"Familiecamping in de Dordogne: stacaravans, ingerichte tenten en plaatsen aan de oevers van de rivier in Brant\u00f4me in de P\u00e9rigord (Dordogne 24)\" \/>\n<meta name=\"robots\" content=\"index, follow, max-snippet:-1, max-image-preview:large, max-video-preview:-1\" \/>\n<link rel=\"canonical\" href=\"https:\/\/camping-dordogne.net\/nl\/de-camping-van-brantome\/\" \/>\n<meta property=\"og:locale\" content=\"nl_NL\" \/>\n<meta property=\"og:type\" content=\"article\" \/>\n<meta property=\"og:title\" content=\"Familiecamping 4 sterren in Brant\u00f4me in de Dordogne 24\" \/>\n<meta property=\"og:description\" content=\"Familiecamping in de Dordogne: stacaravans, ingerichte tenten en plaatsen aan de oevers van de rivier in Brant\u00f4me in de P\u00e9rigord (Dordogne 24)\" \/>\n<meta property=\"og:url\" content=\"https:\/\/camping-dordogne.net\/nl\/de-camping-van-brantome\/\" \/>\n<meta property=\"og:site_name\" content=\"Camping Brant\u00f4me Peyrelevade\" \/>\n<meta property=\"article:publisher\" content=\"https:\/\/www.facebook.com\/campingBrantomeenPerigordPeyrelevadeDordogne\/\" \/>\n<meta property=\"article:modified_time\" content=\"2025-05-19T15:42:00+00:00\" \/>\n<meta name=\"twitter:card\" content=\"summary_large_image\" \/>\n<meta name=\"twitter:label1\" content=\"Geschatte leestijd\" \/>\n\t<meta name=\"twitter:data1\" content=\"4 minuten\" \/>\n<script type=\"application\/ld+json\" class=\"yoast-schema-graph\">{\"@context\":\"https:\\\/\\\/schema.org\",\"@graph\":[{\"@type\":\"WebPage\",\"@id\":\"https:\\\/\\\/camping-dordogne.net\\\/nl\\\/de-camping-van-brantome\\\/\",\"url\":\"https:\\\/\\\/camping-dordogne.net\\\/nl\\\/de-camping-van-brantome\\\/\",\"name\":\"Familiecamping 4 sterren in Brant\u00f4me in de Dordogne 24\",\"isPartOf\":{\"@id\":\"https:\\\/\\\/camping-dordogne.net\\\/en\\\/#website\"},\"datePublished\":\"2018-11-08T11:09:44+00:00\",\"dateModified\":\"2025-05-19T15:42:00+00:00\",\"description\":\"Familiecamping in de Dordogne: stacaravans, ingerichte tenten en plaatsen aan de oevers van de rivier in Brant\u00f4me in de P\u00e9rigord (Dordogne 24)\",\"breadcrumb\":{\"@id\":\"https:\\\/\\\/camping-dordogne.net\\\/nl\\\/de-camping-van-brantome\\\/#breadcrumb\"},\"inLanguage\":\"nl-NL\",\"potentialAction\":[{\"@type\":\"ReadAction\",\"target\":[\"https:\\\/\\\/camping-dordogne.net\\\/nl\\\/de-camping-van-brantome\\\/\"]}]},{\"@type\":\"BreadcrumbList\",\"@id\":\"https:\\\/\\\/camping-dordogne.net\\\/nl\\\/de-camping-van-brantome\\\/#breadcrumb\",\"itemListElement\":[{\"@type\":\"ListItem\",\"position\":1,\"name\":\"Accueil\",\"item\":\"https:\\\/\\\/camping-dordogne.net\\\/nl\\\/\"},{\"@type\":\"ListItem\",\"position\":2,\"name\":\"De camping van Brant\u00f4me\"}]},{\"@type\":\"WebSite\",\"@id\":\"https:\\\/\\\/camping-dordogne.net\\\/en\\\/#website\",\"url\":\"https:\\\/\\\/camping-dordogne.net\\\/en\\\/\",\"name\":\"Camping Brant\u00f4me Peyrelevade\",\"description\":\"Camping 3 \u00e9toiles en Dordogne P\u00e9rigord\",\"potentialAction\":[{\"@type\":\"SearchAction\",\"target\":{\"@type\":\"EntryPoint\",\"urlTemplate\":\"https:\\\/\\\/camping-dordogne.net\\\/en\\\/?s={search_term_string}\"},\"query-input\":{\"@type\":\"PropertyValueSpecification\",\"valueRequired\":true,\"valueName\":\"search_term_string\"}}],\"inLanguage\":\"nl-NL\"}]}<\/script>\n<!-- \/ Yoast SEO plugin. -->","yoast_head_json":{"title":"Familiecamping 4 sterren in Brant\u00f4me in de Dordogne 24","description":"Familiecamping in de Dordogne: stacaravans, ingerichte tenten en plaatsen aan de oevers van de rivier in Brant\u00f4me in de P\u00e9rigord (Dordogne 24)","robots":{"index":"index","follow":"follow","max-snippet":"max-snippet:-1","max-image-preview":"max-image-preview:large","max-video-preview":"max-video-preview:-1"},"canonical":"https:\/\/camping-dordogne.net\/nl\/de-camping-van-brantome\/","og_locale":"nl_NL","og_type":"article","og_title":"Familiecamping 4 sterren in Brant\u00f4me in de Dordogne 24","og_description":"Familiecamping in de Dordogne: stacaravans, ingerichte tenten en plaatsen aan de oevers van de rivier in Brant\u00f4me in de P\u00e9rigord (Dordogne 24)","og_url":"https:\/\/camping-dordogne.net\/nl\/de-camping-van-brantome\/","og_site_name":"Camping Brant\u00f4me Peyrelevade","article_publisher":"https:\/\/www.facebook.com\/campingBrantomeenPerigordPeyrelevadeDordogne\/","article_modified_time":"2025-05-19T15:42:00+00:00","twitter_card":"summary_large_image","twitter_misc":{"Geschatte leestijd":"4 minuten"},"schema":{"@context":"https:\/\/schema.org","@graph":[{"@type":"WebPage","@id":"https:\/\/camping-dordogne.net\/nl\/de-camping-van-brantome\/","url":"https:\/\/camping-dordogne.net\/nl\/de-camping-van-brantome\/","name":"Familiecamping 4 sterren in Brant\u00f4me in de Dordogne 24","isPartOf":{"@id":"https:\/\/camping-dordogne.net\/en\/#website"},"datePublished":"2018-11-08T11:09:44+00:00","dateModified":"2025-05-19T15:42:00+00:00","description":"Familiecamping in de Dordogne: stacaravans, ingerichte tenten en plaatsen aan de oevers van de rivier in Brant\u00f4me in de P\u00e9rigord (Dordogne 24)","breadcrumb":{"@id":"https:\/\/camping-dordogne.net\/nl\/de-camping-van-brantome\/#breadcrumb"},"inLanguage":"nl-NL","potentialAction":[{"@type":"ReadAction","target":["https:\/\/camping-dordogne.net\/nl\/de-camping-van-brantome\/"]}]},{"@type":"BreadcrumbList","@id":"https:\/\/camping-dordogne.net\/nl\/de-camping-van-brantome\/#breadcrumb","itemListElement":[{"@type":"ListItem","position":1,"name":"Accueil","item":"https:\/\/camping-dordogne.net\/nl\/"},{"@type":"ListItem","position":2,"name":"De camping van Brant\u00f4me"}]},{"@type":"WebSite","@id":"https:\/\/camping-dordogne.net\/en\/#website","url":"https:\/\/camping-dordogne.net\/en\/","name":"Camping Brant\u00f4me Peyrelevade","description":"Camping 3 \u00e9toiles en Dordogne P\u00e9rigord","potentialAction":[{"@type":"SearchAction","target":{"@type":"EntryPoint","urlTemplate":"https:\/\/camping-dordogne.net\/en\/?s={search_term_string}"},"query-input":{"@type":"PropertyValueSpecification","valueRequired":true,"valueName":"search_term_string"}}],"inLanguage":"nl-NL"}]}},"_links":{"self":[{"href":"https:\/\/camping-dordogne.net\/nl\/wp-json\/wp\/v2\/pages\/2178","targetHints":{"allow":["GET"]}}],"collection":[{"href":"https:\/\/camping-dordogne.net\/nl\/wp-json\/wp\/v2\/pages"}],"about":[{"href":"https:\/\/camping-dordogne.net\/nl\/wp-json\/wp\/v2\/types\/page"}],"author":[{"embeddable":true,"href":"https:\/\/camping-dordogne.net\/nl\/wp-json\/wp\/v2\/users\/1"}],"replies":[{"embeddable":true,"href":"https:\/\/camping-dordogne.net\/nl\/wp-json\/wp\/v2\/comments?post=2178"}],"version-history":[{"count":0,"href":"https:\/\/camping-dordogne.net\/nl\/wp-json\/wp\/v2\/pages\/2178\/revisions"}],"wp:attachment":[{"href":"https:\/\/camping-dordogne.net\/nl\/wp-json\/wp\/v2\/media?parent=2178"}],"curies":[{"name":"wp","href":"https:\/\/api.w.org\/{rel}","templated":true}]}}