{"id":4511,"date":"2022-10-24T17:52:34","date_gmt":"2022-10-24T15:52:34","guid":{"rendered":"https:\/\/camping-dordogne.net\/?post_type=portfolio&#038;p=4511"},"modified":"2024-04-03T12:09:52","modified_gmt":"2024-04-03T10:09:52","slug":"confort-aan-de-rivier","status":"publish","type":"portfolio","link":"https:\/\/camping-dordogne.net\/nl\/hebergements-camping-brantome\/confort-aan-de-rivier\/","title":{"rendered":"Confort aan de rivier"},"content":{"rendered":"<div id='full_slider_1'  class='avia-fullwidth-slider main_color avia-shadow av-mini-hide  avia-builder-el-0  el_before_av_slideshow_full  avia-builder-el-first   container_wrap sidebar_right'  ><div  class='avia-slideshow av-jp18ioe3-4d999bdeb80f23435258758baef3b3bb avia-slideshow-featured_large av_slideshow_full avia-slide-slider av-mini-hide av-slideshow-ui av-control-default av-slideshow-manual av-loop-once av-loop-manual-endless av-default-height-applied   avia-slideshow-1' data-slideshow-options=\"{&quot;animation&quot;:&quot;slide&quot;,&quot;autoplay&quot;:false,&quot;loop_autoplay&quot;:&quot;once&quot;,&quot;interval&quot;:5,&quot;loop_manual&quot;:&quot;manual-endless&quot;,&quot;autoplay_stopper&quot;:false,&quot;noNavigation&quot;:false,&quot;bg_slider&quot;:false,&quot;keep_padding&quot;:false,&quot;hoverpause&quot;:false,&quot;show_slide_delay&quot;:0}\"  itemprop=\"image\" itemscope=\"itemscope\" itemtype=\"https:\/\/schema.org\/ImageObject\" ><ul class='avia-slideshow-inner ' style='padding-bottom: 40%;'><li  class='avia-slideshow-slide av-jp18ioe3-4d999bdeb80f23435258758baef3b3bb__0  av-single-slide slide-1 slide-odd'><div data-rel='slideshow-1' class='avia-slide-wrap '   ><img decoding=\"async\" fetchpriority=\"high\" class=\"wp-image-5742 avia-img-lazy-loading-not-5742\"  src=\"https:\/\/camping-dordogne.net\/wp-content\/uploads\/2022\/10\/header-mobil-homes-bdr.jpg\" width=\"1500\" height=\"600\" title='header-mobil-homes-bdr' alt=''  itemprop=\"thumbnailUrl\" srcset=\"https:\/\/camping-dordogne.net\/wp-content\/uploads\/2022\/10\/header-mobil-homes-bdr.jpg 1500w, https:\/\/camping-dordogne.net\/wp-content\/uploads\/2022\/10\/header-mobil-homes-bdr-300x120.jpg 300w, https:\/\/camping-dordogne.net\/wp-content\/uploads\/2022\/10\/header-mobil-homes-bdr-1030x412.jpg 1030w, https:\/\/camping-dordogne.net\/wp-content\/uploads\/2022\/10\/header-mobil-homes-bdr-768x307.jpg 768w, https:\/\/camping-dordogne.net\/wp-content\/uploads\/2022\/10\/header-mobil-homes-bdr-705x282.jpg 705w\" sizes=\"(max-width: 1500px) 100vw, 1500px\" \/><\/div><\/li><\/ul><\/div><\/div>\n<div id='full_slider_2'  class='avia-fullwidth-slider main_color avia-shadow av-desktop-hide av-medium-hide av-small-hide  avia-builder-el-1  el_after_av_slideshow_full  el_before_av_section   slider-not-first container_wrap sidebar_right'  ><div  class='avia-slideshow av-lo5mku15-da5f2f5450e3237d08d5f5af30ef8b67 avia-slideshow-featured_large av_slideshow_full avia-slide-slider av-desktop-hide av-medium-hide av-small-hide av-slideshow-ui av-control-default av-slideshow-manual av-loop-once av-loop-manual-endless av-default-height-applied   avia-slideshow-2' data-slideshow-options=\"{&quot;animation&quot;:&quot;slide&quot;,&quot;autoplay&quot;:false,&quot;loop_autoplay&quot;:&quot;once&quot;,&quot;interval&quot;:5,&quot;loop_manual&quot;:&quot;manual-endless&quot;,&quot;autoplay_stopper&quot;:false,&quot;noNavigation&quot;:false,&quot;bg_slider&quot;:false,&quot;keep_padding&quot;:false,&quot;hoverpause&quot;:false,&quot;show_slide_delay&quot;:0}\"  itemprop=\"image\" itemscope=\"itemscope\" itemtype=\"https:\/\/schema.org\/ImageObject\" ><ul class='avia-slideshow-inner ' style='padding-bottom: 40%;'><li  class='avia-slideshow-slide av-lo5mku15-da5f2f5450e3237d08d5f5af30ef8b67__0  av-single-slide slide-1 slide-odd'><div data-rel='slideshow-2' class='avia-slide-wrap '   ><img decoding=\"async\" fetchpriority=\"high\" class=\"wp-image-5746 avia-img-lazy-loading-not-5746\"  src=\"https:\/\/camping-dordogne.net\/wp-content\/uploads\/2022\/10\/header-mobil-homes-bdr-MOB.jpg\" width=\"1030\" height=\"412\" title='header-mobil-homes-bdr-MOB' alt=''  itemprop=\"thumbnailUrl\" srcset=\"https:\/\/camping-dordogne.net\/wp-content\/uploads\/2022\/10\/header-mobil-homes-bdr-MOB.jpg 1030w, https:\/\/camping-dordogne.net\/wp-content\/uploads\/2022\/10\/header-mobil-homes-bdr-MOB-300x120.jpg 300w, https:\/\/camping-dordogne.net\/wp-content\/uploads\/2022\/10\/header-mobil-homes-bdr-MOB-768x307.jpg 768w, https:\/\/camping-dordogne.net\/wp-content\/uploads\/2022\/10\/header-mobil-homes-bdr-MOB-705x282.jpg 705w\" sizes=\"(max-width: 1030px) 100vw, 1030px\" \/><\/div><\/li><\/ul><\/div><\/div>\n<div id='av_section_1'  class='avia-section av-bw9ia9-540fc8fbb2dc0b2070ca25273484df5d main_color avia-section-default avia-no-border-styling  avia-builder-el-2  el_after_av_slideshow_full  el_before_av_section  avia-bg-style-parallax container_wrap sidebar_right'  ><div class='container av-section-cont-open' ><div class='template-page content  av-content-small alpha units'><div class='post-entry post-entry-type-page post-entry-4511'><div class='entry-content-wrapper clearfix'>\n<div class='flex_column_table av-aj02x5-b451224f6c4e70e8ca151fe89c4ddfe1 sc-av_one_third av-equal-height-column-flextable'>\n<style type=\"text\/css\" data-created_by=\"avia_inline_auto\" id=\"style-css-av-aj02x5-b451224f6c4e70e8ca151fe89c4ddfe1\">\n.flex_column.av-aj02x5-b451224f6c4e70e8ca151fe89c4ddfe1{\nborder-radius:0px 0px 0px 0px;\npadding:0px 0px 0px 0px;\n}\n<\/style>\n<div  class='flex_column av-aj02x5-b451224f6c4e70e8ca151fe89c4ddfe1 av_one_third  avia-builder-el-3  el_before_av_one_third  avia-builder-el-first  first flex_column_table_cell av-equal-height-column av-align-middle av-animated-generic bottom-to-top av-zero-column-padding  '     ><style type=\"text\/css\" data-created_by=\"avia_inline_auto\" id=\"style-css-av-aec5e9-212adadb7b9e2cda01e3e2cc61bb6358\">\n.avia-image-container.av-aec5e9-212adadb7b9e2cda01e3e2cc61bb6358 img.avia_image{\nbox-shadow:none;\n}\n.avia-image-container.av-aec5e9-212adadb7b9e2cda01e3e2cc61bb6358 .av-caption-image-overlay-bg{\nopacity:0.5;\nbackground-color:#463e3e;\n}\n.avia-image-container.av-aec5e9-212adadb7b9e2cda01e3e2cc61bb6358 .av-image-caption-overlay-center{\ncolor:#ffffff;\nfont-size:25px;\n}\n<\/style>\n<div  class='avia-image-container av-aec5e9-212adadb7b9e2cda01e3e2cc61bb6358 av-styling- av-hover-grow av-img-linked avia_animated_image av-animated-when-visible-95 pop-up avia-align-center  avia-builder-el-4  avia-builder-el-no-sibling  noHover av-overlay-hover-deactivate'   itemprop=\"image\" itemscope=\"itemscope\" itemtype=\"https:\/\/schema.org\/ImageObject\" ><div class=\"avia-image-container-inner\"><div class=\"avia-image-overlay-wrap\"><a href=\"#section1\" class='avia_image '  aria-label='MH-Chene-BDR-02'><div class=\"av-image-caption-overlay\"><div class=\"av-caption-image-overlay-bg\"><\/div><div class=\"av-image-caption-overlay-position\"><div class=\"av-image-caption-overlay-center\"><p>LE CH\u00caNE<br \/>\n2 slaapkamers \u2013 4 personen<\/p>\n<\/div><\/div><\/div><img decoding=\"async\" fetchpriority=\"high\" class='wp-image-5714 avia-img-lazy-loading-not-5714 avia_image ' src=\"https:\/\/camping-dordogne.net\/wp-content\/uploads\/2022\/10\/MH-Chene-BDR-02.jpg\" alt='' title='MH-Chene-BDR-02'  height=\"533\" width=\"800\"  itemprop=\"thumbnailUrl\" srcset=\"https:\/\/camping-dordogne.net\/wp-content\/uploads\/2022\/10\/MH-Chene-BDR-02.jpg 800w, https:\/\/camping-dordogne.net\/wp-content\/uploads\/2022\/10\/MH-Chene-BDR-02-300x200.jpg 300w, https:\/\/camping-dordogne.net\/wp-content\/uploads\/2022\/10\/MH-Chene-BDR-02-768x512.jpg 768w, https:\/\/camping-dordogne.net\/wp-content\/uploads\/2022\/10\/MH-Chene-BDR-02-705x470.jpg 705w\" sizes=\"(max-width: 800px) 100vw, 800px\" \/><\/a><\/div><\/div><\/div><\/div><div class='av-flex-placeholder'><\/div>\n<style type=\"text\/css\" data-created_by=\"avia_inline_auto\" id=\"style-css-av-16dfz-58158cb22d54c62aa85754c88dfaa48e\">\n.flex_column.av-16dfz-58158cb22d54c62aa85754c88dfaa48e{\nborder-radius:0px 0px 0px 0px;\npadding:0px 0px 0px 0px;\n}\n<\/style>\n<div  class='flex_column av-16dfz-58158cb22d54c62aa85754c88dfaa48e av_one_third  avia-builder-el-5  el_after_av_one_third  el_before_av_one_third  flex_column_table_cell av-equal-height-column av-align-middle av-zero-column-padding  '     ><p>\n<style type=\"text\/css\" data-created_by=\"avia_inline_auto\" id=\"style-css-av-jq6rba4o-fe600dc19b4eaac1d2bcac0580f726ca\">\n#top .av-special-heading.av-jq6rba4o-fe600dc19b4eaac1d2bcac0580f726ca{\npadding-bottom:0;\n}\nbody .av-special-heading.av-jq6rba4o-fe600dc19b4eaac1d2bcac0580f726ca .av-special-heading-tag .heading-char{\nfont-size:25px;\n}\n.av-special-heading.av-jq6rba4o-fe600dc19b4eaac1d2bcac0580f726ca .av-subheading{\nfont-size:15px;\n}\n<\/style>\n<div  class='av-special-heading av-jq6rba4o-fe600dc19b4eaac1d2bcac0580f726ca av-special-heading-h1 custom-color-heading blockquote modern-quote modern-centered  avia-builder-el-6  el_before_av_hr  avia-builder-el-first '><h1 class='av-special-heading-tag '  itemprop=\"headline\"  >Confort<br \/>\n<span style=\"color: #39a9dc;\">Aan de rivier<\/span><\/h1><div class=\"special-heading-border\"><div class=\"special-heading-inner-border\"><\/div><\/div><\/div><br \/>\n\n<style type=\"text\/css\" data-created_by=\"avia_inline_auto\" id=\"style-css-av-amhamx-8f92902b58be2787d925a4d14cddfd17\">\n#top .hr.av-amhamx-8f92902b58be2787d925a4d14cddfd17{\nmargin-top:5px;\nmargin-bottom:20px;\n}\n.hr.av-amhamx-8f92902b58be2787d925a4d14cddfd17 .hr-inner{\nwidth:50px;\nborder-color:#97bf0d;\n}\n<\/style>\n<div  class='hr av-amhamx-8f92902b58be2787d925a4d14cddfd17 hr-custom  avia-builder-el-7  el_after_av_heading  avia-builder-el-last  hr-center hr-icon-no'><span class='hr-inner inner-border-av-border-fat'><span class=\"hr-inner-style\"><\/span><\/span><\/div><\/p><\/div><div class='av-flex-placeholder'><\/div>\n<style type=\"text\/css\" data-created_by=\"avia_inline_auto\" id=\"style-css-av-aj02x5-e6243ab9874d68c904bc5ba58db86201\">\n.flex_column.av-aj02x5-e6243ab9874d68c904bc5ba58db86201{\nborder-radius:0px 0px 0px 0px;\npadding:0px 0px 0px 0px;\n}\n<\/style>\n<div  class='flex_column av-aj02x5-e6243ab9874d68c904bc5ba58db86201 av_one_third  avia-builder-el-8  el_after_av_one_third  avia-builder-el-last  flex_column_table_cell av-equal-height-column av-align-middle av-animated-generic bottom-to-top av-zero-column-padding  '     ><style type=\"text\/css\" data-created_by=\"avia_inline_auto\" id=\"style-css-av-aec5e9-f0eef32428b09145fa6a2670473a1a74\">\n.avia-image-container.av-aec5e9-f0eef32428b09145fa6a2670473a1a74 img.avia_image{\nbox-shadow:none;\n}\n.avia-image-container.av-aec5e9-f0eef32428b09145fa6a2670473a1a74 .av-caption-image-overlay-bg{\nopacity:0.5;\nbackground-color:#463e3e;\n}\n.avia-image-container.av-aec5e9-f0eef32428b09145fa6a2670473a1a74 .av-image-caption-overlay-center{\ncolor:#ffffff;\nfont-size:25px;\n}\n<\/style>\n<div  class='avia-image-container av-aec5e9-f0eef32428b09145fa6a2670473a1a74 av-styling- av-hover-grow av-img-linked avia_animated_image av-animated-when-visible-95 pop-up avia-align-center  avia-builder-el-9  avia-builder-el-no-sibling  noHover av-overlay-hover-deactivate'   itemprop=\"image\" itemscope=\"itemscope\" itemtype=\"https:\/\/schema.org\/ImageObject\" ><div class=\"avia-image-container-inner\"><div class=\"avia-image-overlay-wrap\"><a href=\"#section2\" class='avia_image '  aria-label='mobili-home-platane-bdr'><div class=\"av-image-caption-overlay\"><div class=\"av-caption-image-overlay-bg\"><\/div><div class=\"av-image-caption-overlay-position\"><div class=\"av-image-caption-overlay-center\"><p>LE PLATANE<br \/>\n3 slaapkamers \u2013 6 personen<\/p>\n<\/div><\/div><\/div><img decoding=\"async\" fetchpriority=\"high\" class='wp-image-1918 avia-img-lazy-loading-not-1918 avia_image ' src=\"https:\/\/camping-dordogne.net\/wp-content\/uploads\/2018\/11\/mobili-home-platane-bdr.jpg\" alt='' title='mobili-home-platane-bdr'  height=\"533\" width=\"800\"  itemprop=\"thumbnailUrl\" srcset=\"https:\/\/camping-dordogne.net\/wp-content\/uploads\/2018\/11\/mobili-home-platane-bdr.jpg 800w, https:\/\/camping-dordogne.net\/wp-content\/uploads\/2018\/11\/mobili-home-platane-bdr-300x200.jpg 300w, https:\/\/camping-dordogne.net\/wp-content\/uploads\/2018\/11\/mobili-home-platane-bdr-768x512.jpg 768w, https:\/\/camping-dordogne.net\/wp-content\/uploads\/2018\/11\/mobili-home-platane-bdr-705x470.jpg 705w, https:\/\/camping-dordogne.net\/wp-content\/uploads\/2018\/11\/mobili-home-platane-bdr-450x300.jpg 450w\" sizes=\"(max-width: 800px) 100vw, 800px\" \/><\/a><\/div><\/div><\/div><\/div><\/div><!--close column table wrapper. Autoclose: 1 -->\n\n<\/div><\/div><\/div><!-- close content main div --><\/div><\/div>\n<style type=\"text\/css\" data-created_by=\"avia_inline_auto\" id=\"style-css-av-l44y7-1fd0b11c027b96e2269b37a14a19a556\">\n.avia-section.av-l44y7-1fd0b11c027b96e2269b37a14a19a556{\nbackground-color:#f8f3ed;\nbackground-image:unset;\n}\n<\/style>\n<div id='section1'  class='avia-section av-l44y7-1fd0b11c027b96e2269b37a14a19a556 main_color avia-section-default avia-no-border-styling  avia-builder-el-10  el_after_av_section  el_before_av_section  avia-bg-style-scroll container_wrap sidebar_right'  ><div class='container av-section-cont-open' ><div class='template-page content  av-content-small alpha units'><div class='post-entry post-entry-type-page post-entry-4511'><div class='entry-content-wrapper clearfix'>\n<div class='flex_column_table av-g0rvb-7069b4854ff9d365fbb4e6ee4db381a5 sc-av_two_fifth av-equal-height-column-flextable'>\n<style type=\"text\/css\" data-created_by=\"avia_inline_auto\" id=\"style-css-av-g0rvb-7069b4854ff9d365fbb4e6ee4db381a5\">\n.flex_column.av-g0rvb-7069b4854ff9d365fbb4e6ee4db381a5{\nborder-width:1px;\nborder-color:#39a9dc;\nborder-style:solid;\nborder-radius:0px 0px 0px 0px;\npadding:20px 20px 20px 20px;\nbackground-color:#fcfcfc;\n}\n<\/style>\n<div  class='flex_column av-g0rvb-7069b4854ff9d365fbb4e6ee4db381a5 av_two_fifth  avia-builder-el-11  el_before_av_three_fifth  avia-builder-el-first  first flex_column_table_cell av-equal-height-column av-align-middle  '     ><p>\n<style type=\"text\/css\" data-created_by=\"avia_inline_auto\" id=\"style-css-av-jq6rcfh0-cf9c279eb65c41aa585dad96bbba9263\">\n#top .av-special-heading.av-jq6rcfh0-cf9c279eb65c41aa585dad96bbba9263{\npadding-bottom:0;\nfont-size:36px;\n}\nbody .av-special-heading.av-jq6rcfh0-cf9c279eb65c41aa585dad96bbba9263 .av-special-heading-tag .heading-char{\nfont-size:25px;\n}\n#top #wrap_all .av-special-heading.av-jq6rcfh0-cf9c279eb65c41aa585dad96bbba9263 .av-special-heading-tag{\nfont-size:36px;\n}\n.av-special-heading.av-jq6rcfh0-cf9c279eb65c41aa585dad96bbba9263 .av-subheading{\nfont-size:22px;\n}\n\n@media only screen and (min-width: 480px) and (max-width: 767px){ \n#top #wrap_all .av-special-heading.av-jq6rcfh0-cf9c279eb65c41aa585dad96bbba9263 .av-special-heading-tag{\nfont-size:0.8em;\n}\n}\n\n@media only screen and (max-width: 479px){ \n#top #wrap_all .av-special-heading.av-jq6rcfh0-cf9c279eb65c41aa585dad96bbba9263 .av-special-heading-tag{\nfont-size:0.8em;\n}\n}\n<\/style>\n<div  class='av-special-heading av-jq6rcfh0-cf9c279eb65c41aa585dad96bbba9263 av-special-heading-h1 custom-color-heading blockquote modern-quote modern-centered  avia-builder-el-12  el_before_av_textblock  avia-builder-el-first  av-inherit-size'><h1 class='av-special-heading-tag '  itemprop=\"headline\"  >Mobile-home<br \/>\nLe Ch\u00eane<\/h1><div class=\"special-heading-border\"><div class=\"special-heading-inner-border\"><\/div><\/div><\/div><br \/>\n\n<style type=\"text\/css\" data-created_by=\"avia_inline_auto\" id=\"style-css-av-jp1bssgq-0b190f3eb8e8790ba4d7ad5d0adca411\">\n#top .av_textblock_section.av-jp1bssgq-0b190f3eb8e8790ba4d7ad5d0adca411 .avia_textblock{\nfont-size:22px;\ncolor:#39a9dc;\n}\n<\/style>\n<section  class='av_textblock_section av-jp1bssgq-0b190f3eb8e8790ba4d7ad5d0adca411 '   itemscope=\"itemscope\" itemtype=\"https:\/\/schema.org\/CreativeWork\" ><div class='avia_textblock av_inherit_color'  itemprop=\"text\" ><p style=\"text-align: center;\">Aan de rivier<\/p>\n<\/div><\/section><br \/>\n\n<style type=\"text\/css\" data-created_by=\"avia_inline_auto\" id=\"style-css-av-mw4z6-2775f20e64165c668e1bf827265c53e2\">\n#top .hr.av-mw4z6-2775f20e64165c668e1bf827265c53e2{\nmargin-top:0;\nmargin-bottom:0;\n}\n.hr.av-mw4z6-2775f20e64165c668e1bf827265c53e2 .hr-inner{\nwidth:50px;\nborder-color:#97bf0d;\n}\n<\/style>\n<div  class='hr av-mw4z6-2775f20e64165c668e1bf827265c53e2 hr-custom  avia-builder-el-14  el_after_av_textblock  el_before_av_textblock  hr-center hr-icon-no'><span class='hr-inner inner-border-av-border-fat'><span class=\"hr-inner-style\"><\/span><\/span><\/div><br \/>\n\n<style type=\"text\/css\" data-created_by=\"avia_inline_auto\" id=\"style-css-av-jp1bssgq-c7398f5b98d5bf352151675d888071a4\">\n#top .av_textblock_section.av-jp1bssgq-c7398f5b98d5bf352151675d888071a4 .avia_textblock{\nfont-size:22px;\n}\n<\/style>\n<section  class='av_textblock_section av-jp1bssgq-c7398f5b98d5bf352151675d888071a4 '   itemscope=\"itemscope\" itemtype=\"https:\/\/schema.org\/CreativeWork\" ><div class='avia_textblock'  itemprop=\"text\" ><p style=\"text-align: center;\">2 slaapkamers \u2013 4 personen<\/p>\n<\/div><\/section><\/p><\/div><div class='av-flex-placeholder'><\/div>\n<style type=\"text\/css\" data-created_by=\"avia_inline_auto\" id=\"style-css-av-85q1z-5231894bebdd7833845161afd5e0bc13\">\n.flex_column.av-85q1z-5231894bebdd7833845161afd5e0bc13{\nborder-radius:0px 0px 0px 0px;\npadding:0px 0px 0px 0px;\n}\n<\/style>\n<div  class='flex_column av-85q1z-5231894bebdd7833845161afd5e0bc13 av_three_fifth  avia-builder-el-16  el_after_av_two_fifth  avia-builder-el-last  flex_column_table_cell av-equal-height-column av-align-middle av-zero-column-padding  '     ><p><section  class='av_textblock_section av-jp18m4hs-3bf87e7d339cee0f12950073b8382c51 '   itemscope=\"itemscope\" itemtype=\"https:\/\/schema.org\/CreativeWork\" ><div class='avia_textblock'  itemprop=\"text\" ><p>Ideaal voor gezinnen en koppels die een comfortabele verhuur accommodatie zoeken in de Dordogne \u2013 P\u00e9rigord. Stacaravan met een groot overdekt terras en twee slaapkamers.<br \/>\nDeze mobile-home ligt vlak bij de rivier en biedt een mooi uitzicht op de omringende natuur.<br \/>\nMogelijkheid om een kinderbedje bij te plaatsen in de ouderslaapkamer.<br \/>\nMobile-home voorzien van Franse TNT-televisie.<\/p>\n<\/div><\/section><br \/>\n<div id='avia-messagebox-' class='avia_message_box av_notification av-lpa1ezm0-2392b52ead5ac6c0a210b6930de944cb avia-color-green avia-size-large avia-icon_select-yes avia-border-  avia-builder-el-18  el_after_av_textblock  avia-builder-el-last ' ><span class='avia_message_box_title' ><strong>NIEUW VOOR 2024<\/strong><\/span><div class=\"avia_message_box_content\"><span class='avia_message_box_icon avia-iconfont avia-font-entypo-fontello' data-av_icon='\ue82b' data-av_iconfont='entypo-fontello' ><\/span><p><strong>TOTALE RENOVATIE 2024<\/strong><br \/>\nDe stacaravans langs de rivier, type le Chene krijgen een nieuwe vloer, QueenSize tweepersoonsbed 160&#215;200 cm, nieuw keukenmeubilair, een nieuwe badkamer en een nieuw terras.<br \/>\nEr komt ook een vaatwasser, een grote koelkast met vriesvak en nieuwe verlichting.<br \/>\n<em><\/p>\n<\/div><\/div><\/em><\/p><\/div><\/div><!--close column table wrapper. Autoclose: 1 --><\/div><\/div><\/div><!-- close content main div --><\/div><\/div>\n<style type=\"text\/css\" data-created_by=\"avia_inline_auto\" id=\"style-css-av-8i6cv-7af260c8e7fd75c5d0f00feb273b1eb9\">\n.avia-section.av-8i6cv-7af260c8e7fd75c5d0f00feb273b1eb9{\nbackground-color:#f8f3ed;\nbackground-image:unset;\n}\n<\/style>\n<div id='av_section_3'  class='avia-section av-8i6cv-7af260c8e7fd75c5d0f00feb273b1eb9 main_color avia-section-default avia-no-border-styling  avia-builder-el-19  el_after_av_section  el_before_av_section  avia-bg-style-scroll container_wrap sidebar_right'  ><div class='container av-section-cont-open' ><div class='template-page content  av-content-small alpha units'><div class='post-entry post-entry-type-page post-entry-4511'><div class='entry-content-wrapper clearfix'>\n<div class='flex_column_table av-l0hrz-1dd3c1e1ac6af1a61e74df57a16f2af6 sc-av_three_fifth av-equal-height-column-flextable'>\n<style type=\"text\/css\" data-created_by=\"avia_inline_auto\" id=\"style-css-av-l0hrz-1dd3c1e1ac6af1a61e74df57a16f2af6\">\n.flex_column.av-l0hrz-1dd3c1e1ac6af1a61e74df57a16f2af6{\nborder-radius:0px 0px 0px 0px;\npadding:0px 0px 0px 0px;\n}\n<\/style>\n<div  class='flex_column av-l0hrz-1dd3c1e1ac6af1a61e74df57a16f2af6 av_three_fifth  avia-builder-el-20  el_before_av_two_fifth  avia-builder-el-first  first flex_column_table_cell av-equal-height-column av-align-middle av-zero-column-padding  '     ><div  class='avia-slideshow av-cuzf3-a076d1c81350462c2f9728dcc513ba04 avia-slideshow-no scaling av_slideshow avia-slide-slider  avia-builder-el-21  avia-builder-el-no-sibling  av-slideshow-ui av-control-default av-slideshow-autoplay av-loop-endless av-loop-manual-endless av-default-height-applied avia-slideshow-3' data-slideshow-options=\"{&quot;animation&quot;:&quot;slide&quot;,&quot;autoplay&quot;:true,&quot;loop_autoplay&quot;:&quot;endless&quot;,&quot;interval&quot;:4,&quot;loop_manual&quot;:&quot;manual-endless&quot;,&quot;autoplay_stopper&quot;:false,&quot;noNavigation&quot;:false,&quot;bg_slider&quot;:false,&quot;keep_padding&quot;:false,&quot;hoverpause&quot;:false,&quot;show_slide_delay&quot;:0}\"  itemprop=\"image\" itemscope=\"itemscope\" itemtype=\"https:\/\/schema.org\/ImageObject\" ><ul class='avia-slideshow-inner ' style='padding-bottom: 66.625%;'><li  class='avia-slideshow-slide av-cuzf3-a076d1c81350462c2f9728dcc513ba04__0  slide-1 slide-odd'><div data-rel='slideshow-3' class='avia-slide-wrap '   ><img decoding=\"async\" fetchpriority=\"high\" class=\"wp-image-5714 avia-img-lazy-loading-not-5714\"  src=\"https:\/\/camping-dordogne.net\/wp-content\/uploads\/2022\/10\/MH-Chene-BDR-02.jpg\" width=\"800\" height=\"533\" title='MH-Chene-BDR-02' alt=''  itemprop=\"thumbnailUrl\" srcset=\"https:\/\/camping-dordogne.net\/wp-content\/uploads\/2022\/10\/MH-Chene-BDR-02.jpg 800w, https:\/\/camping-dordogne.net\/wp-content\/uploads\/2022\/10\/MH-Chene-BDR-02-300x200.jpg 300w, https:\/\/camping-dordogne.net\/wp-content\/uploads\/2022\/10\/MH-Chene-BDR-02-768x512.jpg 768w, https:\/\/camping-dordogne.net\/wp-content\/uploads\/2022\/10\/MH-Chene-BDR-02-705x470.jpg 705w\" sizes=\"(max-width: 800px) 100vw, 800px\" \/><\/div><\/li><li  class='avia-slideshow-slide av-cuzf3-a076d1c81350462c2f9728dcc513ba04__1  slide-2 slide-even'><div data-rel='slideshow-3' class='avia-slide-wrap '   ><img decoding=\"async\" fetchpriority=\"high\" class=\"wp-image-5717 avia-img-lazy-loading-not-5717\"  src=\"https:\/\/camping-dordogne.net\/wp-content\/uploads\/2022\/10\/MH-Chene-BDR-03.jpg\" width=\"800\" height=\"533\" title='MH-Chene-BDR-03' alt=''  itemprop=\"thumbnailUrl\" srcset=\"https:\/\/camping-dordogne.net\/wp-content\/uploads\/2022\/10\/MH-Chene-BDR-03.jpg 800w, https:\/\/camping-dordogne.net\/wp-content\/uploads\/2022\/10\/MH-Chene-BDR-03-300x200.jpg 300w, https:\/\/camping-dordogne.net\/wp-content\/uploads\/2022\/10\/MH-Chene-BDR-03-768x512.jpg 768w, https:\/\/camping-dordogne.net\/wp-content\/uploads\/2022\/10\/MH-Chene-BDR-03-705x470.jpg 705w\" sizes=\"(max-width: 800px) 100vw, 800px\" \/><\/div><\/li><li  class='avia-slideshow-slide av-cuzf3-a076d1c81350462c2f9728dcc513ba04__2  slide-3 slide-odd'><div data-rel='slideshow-3' class='avia-slide-wrap '   ><img decoding=\"async\" fetchpriority=\"high\" class=\"wp-image-5720 avia-img-lazy-loading-not-5720\"  src=\"https:\/\/camping-dordogne.net\/wp-content\/uploads\/2022\/10\/MH-Chene-BDR-04.jpg\" width=\"800\" height=\"533\" title='MH-Chene-BDR-04' alt=''  itemprop=\"thumbnailUrl\" srcset=\"https:\/\/camping-dordogne.net\/wp-content\/uploads\/2022\/10\/MH-Chene-BDR-04.jpg 800w, https:\/\/camping-dordogne.net\/wp-content\/uploads\/2022\/10\/MH-Chene-BDR-04-300x200.jpg 300w, https:\/\/camping-dordogne.net\/wp-content\/uploads\/2022\/10\/MH-Chene-BDR-04-768x512.jpg 768w, https:\/\/camping-dordogne.net\/wp-content\/uploads\/2022\/10\/MH-Chene-BDR-04-705x470.jpg 705w\" sizes=\"(max-width: 800px) 100vw, 800px\" \/><\/div><\/li><li  class='avia-slideshow-slide av-cuzf3-a076d1c81350462c2f9728dcc513ba04__3  slide-4 slide-even'><div data-rel='slideshow-3' class='avia-slide-wrap '   ><img decoding=\"async\" fetchpriority=\"high\" class=\"wp-image-5723 avia-img-lazy-loading-not-5723\"  src=\"https:\/\/camping-dordogne.net\/wp-content\/uploads\/2022\/10\/MH-Chene-BDR-05.jpg\" width=\"800\" height=\"533\" title='MH-Chene-BDR-05' alt=''  itemprop=\"thumbnailUrl\" srcset=\"https:\/\/camping-dordogne.net\/wp-content\/uploads\/2022\/10\/MH-Chene-BDR-05.jpg 800w, https:\/\/camping-dordogne.net\/wp-content\/uploads\/2022\/10\/MH-Chene-BDR-05-300x200.jpg 300w, https:\/\/camping-dordogne.net\/wp-content\/uploads\/2022\/10\/MH-Chene-BDR-05-768x512.jpg 768w, https:\/\/camping-dordogne.net\/wp-content\/uploads\/2022\/10\/MH-Chene-BDR-05-705x470.jpg 705w\" sizes=\"(max-width: 800px) 100vw, 800px\" \/><\/div><\/li><li  class='avia-slideshow-slide av-cuzf3-a076d1c81350462c2f9728dcc513ba04__4  slide-5 slide-odd'><div data-rel='slideshow-3' class='avia-slide-wrap '   ><img decoding=\"async\" fetchpriority=\"high\" class=\"wp-image-5726 avia-img-lazy-loading-not-5726\"  src=\"https:\/\/camping-dordogne.net\/wp-content\/uploads\/2022\/10\/MH-Chene-BDR-06.jpg\" width=\"800\" height=\"533\" title='MH-Chene-BDR-06' alt=''  itemprop=\"thumbnailUrl\" srcset=\"https:\/\/camping-dordogne.net\/wp-content\/uploads\/2022\/10\/MH-Chene-BDR-06.jpg 800w, https:\/\/camping-dordogne.net\/wp-content\/uploads\/2022\/10\/MH-Chene-BDR-06-300x200.jpg 300w, https:\/\/camping-dordogne.net\/wp-content\/uploads\/2022\/10\/MH-Chene-BDR-06-768x512.jpg 768w, https:\/\/camping-dordogne.net\/wp-content\/uploads\/2022\/10\/MH-Chene-BDR-06-705x470.jpg 705w\" sizes=\"(max-width: 800px) 100vw, 800px\" \/><\/div><\/li><li  class='avia-slideshow-slide av-cuzf3-a076d1c81350462c2f9728dcc513ba04__5  slide-6 slide-even'><div data-rel='slideshow-3' class='avia-slide-wrap '   ><img decoding=\"async\" fetchpriority=\"high\" class=\"wp-image-5729 avia-img-lazy-loading-not-5729\"  src=\"https:\/\/camping-dordogne.net\/wp-content\/uploads\/2022\/10\/MH-Chene-BDR-07.jpg\" width=\"800\" height=\"533\" title='MH-Chene-BDR-07' alt=''  itemprop=\"thumbnailUrl\" srcset=\"https:\/\/camping-dordogne.net\/wp-content\/uploads\/2022\/10\/MH-Chene-BDR-07.jpg 800w, https:\/\/camping-dordogne.net\/wp-content\/uploads\/2022\/10\/MH-Chene-BDR-07-300x200.jpg 300w, https:\/\/camping-dordogne.net\/wp-content\/uploads\/2022\/10\/MH-Chene-BDR-07-768x512.jpg 768w, https:\/\/camping-dordogne.net\/wp-content\/uploads\/2022\/10\/MH-Chene-BDR-07-705x470.jpg 705w\" sizes=\"(max-width: 800px) 100vw, 800px\" \/><\/div><\/li><li  class='avia-slideshow-slide av-cuzf3-a076d1c81350462c2f9728dcc513ba04__6  slide-7 slide-odd'><div data-rel='slideshow-3' class='avia-slide-wrap '   ><img decoding=\"async\" fetchpriority=\"high\" class=\"wp-image-1884 avia-img-lazy-loading-not-1884\"  src=\"https:\/\/camping-dordogne.net\/wp-content\/uploads\/2018\/11\/mh2chbregdeterra4pers-2.jpg\" width=\"450\" height=\"332\" title='mh2chbregdeterra4pers-2' alt=''  itemprop=\"thumbnailUrl\" srcset=\"https:\/\/camping-dordogne.net\/wp-content\/uploads\/2018\/11\/mh2chbregdeterra4pers-2.jpg 450w, https:\/\/camping-dordogne.net\/wp-content\/uploads\/2018\/11\/mh2chbregdeterra4pers-2-300x221.jpg 300w\" sizes=\"(max-width: 450px) 100vw, 450px\" \/><\/div><\/li><\/ul><div class='avia-slideshow-arrows avia-slideshow-controls' ><a href='#prev' class='prev-slide  avia-svg-icon avia-font-svg_entypo-fontello' data-av_svg_icon='left-open-big' data-av_iconset='svg_entypo-fontello' tabindex='-1' title=\"Vorige\"><svg version=\"1.1\" xmlns=\"http:\/\/www.w3.org\/2000\/svg\" width=\"15\" height=\"32\" viewBox=\"0 0 15 32\" preserveAspectRatio=\"xMidYMid meet\" aria-labelledby='av-svg-title-1' aria-describedby='av-svg-desc-1' role=\"graphics-symbol\" aria-hidden=\"true\">\n<title id='av-svg-title-1'>Vorige<\/title>\n<desc id='av-svg-desc-1'>Vorige<\/desc>\n<path d=\"M14.464 27.84q0.832 0.832 0 1.536-0.832 0.832-1.536 0l-12.544-12.608q-0.768-0.768 0-1.6l12.544-12.608q0.704-0.832 1.536 0 0.832 0.704 0 1.536l-11.456 11.904z\"><\/path>\n<\/svg><span class='avia_hidden_link_text'>Vorige<\/span><\/a><a href='#next' class='next-slide  avia-svg-icon avia-font-svg_entypo-fontello' data-av_svg_icon='right-open-big' data-av_iconset='svg_entypo-fontello' tabindex='-1' title=\"Volgende\"><svg version=\"1.1\" xmlns=\"http:\/\/www.w3.org\/2000\/svg\" width=\"15\" height=\"32\" viewBox=\"0 0 15 32\" preserveAspectRatio=\"xMidYMid meet\" aria-labelledby='av-svg-title-2' aria-describedby='av-svg-desc-2' role=\"graphics-symbol\" aria-hidden=\"true\">\n<title id='av-svg-title-2'>Volgende<\/title>\n<desc id='av-svg-desc-2'>Volgende<\/desc>\n<path d=\"M0.416 27.84l11.456-11.84-11.456-11.904q-0.832-0.832 0-1.536 0.832-0.832 1.536 0l12.544 12.608q0.768 0.832 0 1.6l-12.544 12.608q-0.704 0.832-1.536 0-0.832-0.704 0-1.536z\"><\/path>\n<\/svg><span class='avia_hidden_link_text'>Volgende<\/span><\/a><\/div><div class='avia-slideshow-dots avia-slideshow-controls'><a href='#1' class='goto-slide active' >1<\/a><a href='#2' class='goto-slide ' >2<\/a><a href='#3' class='goto-slide ' >3<\/a><a href='#4' class='goto-slide ' >4<\/a><a href='#5' class='goto-slide ' >5<\/a><a href='#6' class='goto-slide ' >6<\/a><a href='#7' class='goto-slide ' >7<\/a><\/div><\/div><\/div><div class='av-flex-placeholder'><\/div>\n<style type=\"text\/css\" data-created_by=\"avia_inline_auto\" id=\"style-css-av-zgzj-beaca9836a7f7f5ba12b6cb95be3ffd7\">\n.flex_column.av-zgzj-beaca9836a7f7f5ba12b6cb95be3ffd7{\nborder-width:1px;\nborder-color:#ffffff;\nborder-style:solid;\nborder-radius:0px 0px 0px 0px;\npadding:20px 20px 20px 20px;\nbackground-color:#fcfcfc;\n}\n<\/style>\n<div  class='flex_column av-zgzj-beaca9836a7f7f5ba12b6cb95be3ffd7 av_two_fifth  avia-builder-el-22  el_after_av_three_fifth  el_before_av_button_big  avia-builder-el-last  flex_column_table_cell av-equal-height-column av-align-middle  '     ><section  class='av_textblock_section av-jp18yzq5-fdd3333fe5e35ac26a34d98b82ce4b99 '   itemscope=\"itemscope\" itemtype=\"https:\/\/schema.org\/CreativeWork\" ><div class='avia_textblock'  itemprop=\"text\" ><p>Deze accommodatie is geschikt voor 4 personen en heeft 2 slaapkamers (\u00e9\u00e9n met een tweepersoonsbed en \u00e9\u00e9n met 2 aparte bedden).<br \/>\nU vindt in de stacaravan alle benodigde apparatuur voor een comfortabel verblijf in de Dordogne P\u00e9rigord: magnetron, koelkast, gasfornuis, keukenbenodigdheden\u2026 U heeft de beschikking over een terras en ligstoelen, het mobile-home is gelegen midden in het bosrijke deel van onze camping.<br \/>\nNaast de accommodatie is een parkeerplaats voor uw auto.<br \/>\n4G-netwerk dekking.<br \/>\nVerboden te roken, huisdieren toegestaan na overleg.<br \/>\nFranse TNT-televisie<\/p>\n<\/div><\/section><\/div><\/div><!--close column table wrapper. Autoclose: 1 --><div  class='avia-button-wrap avia-button-center  avia-builder-el-24  el_after_av_two_fifth  el_before_av_button_big '>\n<style type=\"text\/css\" data-created_by=\"avia_inline_auto\" id=\"style-css-av-jp1g50kn-0a2778311f80282eb4acc673f55c7586\">\n#top #wrap_all .avia-button.av-jp1g50kn-0a2778311f80282eb4acc673f55c7586:hover{\ncolor:#ffffff;\ntransition:all 0.4s ease-in-out;\n}\n#top #wrap_all .avia-button.av-jp1g50kn-0a2778311f80282eb4acc673f55c7586:hover .avia-svg-icon svg:first-child{\nfill:#ffffff;\nstroke:#ffffff;\n}\n<\/style>\n<a href='https:\/\/bookingpremium.secureholiday.net\/nl\/3198\/Search\/product\/40604' class='av-icon-on-hover avia-color-theme-color avia-font-color-theme-color avia-button avia-button-fullwidth av-jp1g50kn-0a2778311f80282eb4acc673f55c7586 avia-icon_select-yes-left-icon avia-color-theme-color'  target=\"_blank\"  rel=\"noopener noreferrer\"  aria-label=\"Beschikbaarheid Reserveringen\"><span class='avia_button_icon avia_button_icon_left avia-iconfont avia-font-entypo-fontello' data-av_icon='\ue832' data-av_iconfont='entypo-fontello' ><\/span><span class='avia_iconbox_title' >Beschikbaarheid Reserveringen<\/span><span class='avia_button_background avia-button avia-button-fullwidth avia-color-theme-color'><\/span><\/a><\/div>\n<div  class='avia-button-wrap avia-button-center  avia-builder-el-25  el_after_av_button_big  avia-builder-el-last '>\n<style type=\"text\/css\" data-created_by=\"avia_inline_auto\" id=\"style-css-av-lagoq71u-0bf2bd8981df279963d1f10c5b43ca51\">\n#top #wrap_all .avia-button.av-lagoq71u-0bf2bd8981df279963d1f10c5b43ca51:hover{\nbackground-color:orange;\ncolor:white;\ntransition:all 0.4s ease-in-out;\n}\n#top #wrap_all .avia-button.av-lagoq71u-0bf2bd8981df279963d1f10c5b43ca51:hover .avia-svg-icon svg:first-child{\nfill:white;\nstroke:white;\n}\n<\/style>\n<a href='https:\/\/bookingpremium.secureholiday.net\/nl\/3198\/Search\/product\/111018' class='av-icon-on-hover avia-color-orange avia-font-color-theme-color avia-button avia-button-fullwidth av-lagoq71u-0bf2bd8981df279963d1f10c5b43ca51 avia-icon_select-yes-left-icon avia-color-orange'  target=\"_blank\"  rel=\"noopener noreferrer\"  aria-label=\"Beschikbaarheid Reserveringen - Zondag tot zondag\"><span class='avia_button_icon avia_button_icon_left avia-iconfont avia-font-entypo-fontello' data-av_icon='\ue832' data-av_iconfont='entypo-fontello' ><\/span><span class='avia_iconbox_title' >Beschikbaarheid Reserveringen - Zondag tot zondag<\/span><\/a><\/div>\n<\/p>\n<\/div><\/div><\/div><!-- close content main div --><\/div><\/div><div id='section2'  class='avia-section av-l44y7-9b0afc16f5d33359cf10157cfaf6ae16 main_color avia-section-default avia-no-border-styling  avia-builder-el-26  el_after_av_section  el_before_av_section  avia-bg-style-scroll container_wrap sidebar_right'  ><div class='container av-section-cont-open' ><div class='template-page content  av-content-small alpha units'><div class='post-entry post-entry-type-page post-entry-4511'><div class='entry-content-wrapper clearfix'>\n<div class='flex_column_table av-g0rvb-7069b4854ff9d365fbb4e6ee4db381a5 sc-av_two_fifth av-equal-height-column-flextable'>\n<style type=\"text\/css\" data-created_by=\"avia_inline_auto\" id=\"style-css-av-g0rvb-7069b4854ff9d365fbb4e6ee4db381a5\">\n.flex_column.av-g0rvb-7069b4854ff9d365fbb4e6ee4db381a5{\nborder-width:1px;\nborder-color:#39a9dc;\nborder-style:solid;\nborder-radius:0px 0px 0px 0px;\npadding:20px 20px 20px 20px;\nbackground-color:#fcfcfc;\n}\n<\/style>\n<div  class='flex_column av-g0rvb-7069b4854ff9d365fbb4e6ee4db381a5 av_two_fifth  avia-builder-el-27  el_before_av_three_fifth  avia-builder-el-first  first flex_column_table_cell av-equal-height-column av-align-middle  '     ><p>\n<style type=\"text\/css\" data-created_by=\"avia_inline_auto\" id=\"style-css-av-jq6re6u1-2e9488d021c4b4a9fafd5ed720f7ec05\">\n#top .av-special-heading.av-jq6re6u1-2e9488d021c4b4a9fafd5ed720f7ec05{\npadding-bottom:0;\nfont-size:36px;\n}\nbody .av-special-heading.av-jq6re6u1-2e9488d021c4b4a9fafd5ed720f7ec05 .av-special-heading-tag .heading-char{\nfont-size:25px;\n}\n#top #wrap_all .av-special-heading.av-jq6re6u1-2e9488d021c4b4a9fafd5ed720f7ec05 .av-special-heading-tag{\nfont-size:36px;\n}\n.av-special-heading.av-jq6re6u1-2e9488d021c4b4a9fafd5ed720f7ec05 .av-subheading{\nfont-size:22px;\n}\n\n@media only screen and (min-width: 480px) and (max-width: 767px){ \n#top #wrap_all .av-special-heading.av-jq6re6u1-2e9488d021c4b4a9fafd5ed720f7ec05 .av-special-heading-tag{\nfont-size:0.8em;\n}\n}\n\n@media only screen and (max-width: 479px){ \n#top #wrap_all .av-special-heading.av-jq6re6u1-2e9488d021c4b4a9fafd5ed720f7ec05 .av-special-heading-tag{\nfont-size:0.8em;\n}\n}\n<\/style>\n<div  class='av-special-heading av-jq6re6u1-2e9488d021c4b4a9fafd5ed720f7ec05 av-special-heading-h1 custom-color-heading blockquote modern-quote modern-centered  avia-builder-el-28  el_before_av_textblock  avia-builder-el-first  av-inherit-size'><h1 class='av-special-heading-tag '  itemprop=\"headline\"  >Mobile-home<br \/>\nLe Platane<\/h1><div class=\"special-heading-border\"><div class=\"special-heading-inner-border\"><\/div><\/div><\/div><br \/>\n\n<style type=\"text\/css\" data-created_by=\"avia_inline_auto\" id=\"style-css-av-jp1bssgq-0b190f3eb8e8790ba4d7ad5d0adca411\">\n#top .av_textblock_section.av-jp1bssgq-0b190f3eb8e8790ba4d7ad5d0adca411 .avia_textblock{\nfont-size:22px;\ncolor:#39a9dc;\n}\n<\/style>\n<section  class='av_textblock_section av-jp1bssgq-0b190f3eb8e8790ba4d7ad5d0adca411 '   itemscope=\"itemscope\" itemtype=\"https:\/\/schema.org\/CreativeWork\" ><div class='avia_textblock av_inherit_color'  itemprop=\"text\" ><p style=\"text-align: center;\">Aan de rivier<\/p>\n<\/div><\/section><br \/>\n\n<style type=\"text\/css\" data-created_by=\"avia_inline_auto\" id=\"style-css-av-mw4z6-2775f20e64165c668e1bf827265c53e2\">\n#top .hr.av-mw4z6-2775f20e64165c668e1bf827265c53e2{\nmargin-top:0;\nmargin-bottom:0;\n}\n.hr.av-mw4z6-2775f20e64165c668e1bf827265c53e2 .hr-inner{\nwidth:50px;\nborder-color:#97bf0d;\n}\n<\/style>\n<div  class='hr av-mw4z6-2775f20e64165c668e1bf827265c53e2 hr-custom  avia-builder-el-30  el_after_av_textblock  el_before_av_textblock  hr-center hr-icon-no'><span class='hr-inner inner-border-av-border-fat'><span class=\"hr-inner-style\"><\/span><\/span><\/div><br \/>\n\n<style type=\"text\/css\" data-created_by=\"avia_inline_auto\" id=\"style-css-av-jp1bssgq-c7398f5b98d5bf352151675d888071a4\">\n#top .av_textblock_section.av-jp1bssgq-c7398f5b98d5bf352151675d888071a4 .avia_textblock{\nfont-size:22px;\n}\n<\/style>\n<section  class='av_textblock_section av-jp1bssgq-c7398f5b98d5bf352151675d888071a4 '   itemscope=\"itemscope\" itemtype=\"https:\/\/schema.org\/CreativeWork\" ><div class='avia_textblock'  itemprop=\"text\" ><p style=\"text-align: center;\">3 slaapkamers \u2013 6 personen<\/p>\n<\/div><\/section><\/p><\/div><div class='av-flex-placeholder'><\/div>\n<style type=\"text\/css\" data-created_by=\"avia_inline_auto\" id=\"style-css-av-85q1z-5231894bebdd7833845161afd5e0bc13\">\n.flex_column.av-85q1z-5231894bebdd7833845161afd5e0bc13{\nborder-radius:0px 0px 0px 0px;\npadding:0px 0px 0px 0px;\n}\n<\/style>\n<div  class='flex_column av-85q1z-5231894bebdd7833845161afd5e0bc13 av_three_fifth  avia-builder-el-32  el_after_av_two_fifth  avia-builder-el-last  flex_column_table_cell av-equal-height-column av-align-middle av-zero-column-padding  '     ><section  class='av_textblock_section av-jp18m4hs-3775542c3b5325cabc09e3b2c8f543e6 '   itemscope=\"itemscope\" itemtype=\"https:\/\/schema.org\/CreativeWork\" ><div class='avia_textblock'  itemprop=\"text\" ><p>Deze zeer ruime mobile-home is ideaal voor een grotere familie of een vriendengroep (tot 6 personen) die de regio Dordogne-P\u00e9rigord komt bezoeken.<br \/>\nHet uitzicht op de rivier vanaf het overdekte terras is een duidelijke troef, u kunt hier heerlijk ontspannen midden in de natuur van de Perigord.<\/p>\n<\/div><\/section><\/div><\/div><!--close column table wrapper. Autoclose: 1 -->\n\n<\/div><\/div><\/div><!-- close content main div --><\/div><\/div><div id='av_section_5'  class='avia-section av-8i6cv-2cbfe17de582ea7c9c1709508ae0e1d1 main_color avia-section-default avia-no-border-styling  avia-builder-el-34  el_after_av_section  el_before_av_section  avia-bg-style-scroll container_wrap sidebar_right'  ><div class='container av-section-cont-open' ><div class='template-page content  av-content-small alpha units'><div class='post-entry post-entry-type-page post-entry-4511'><div class='entry-content-wrapper clearfix'>\n<div class='flex_column_table av-l0hrz-1dd3c1e1ac6af1a61e74df57a16f2af6 sc-av_three_fifth av-equal-height-column-flextable'>\n<style type=\"text\/css\" data-created_by=\"avia_inline_auto\" id=\"style-css-av-l0hrz-1dd3c1e1ac6af1a61e74df57a16f2af6\">\n.flex_column.av-l0hrz-1dd3c1e1ac6af1a61e74df57a16f2af6{\nborder-radius:0px 0px 0px 0px;\npadding:0px 0px 0px 0px;\n}\n<\/style>\n<div  class='flex_column av-l0hrz-1dd3c1e1ac6af1a61e74df57a16f2af6 av_three_fifth  avia-builder-el-35  el_before_av_two_fifth  avia-builder-el-first  first flex_column_table_cell av-equal-height-column av-align-middle av-zero-column-padding  '     ><div  class='avia-slideshow av-cuzf3-a27e6ccebb86490404568efbcbf8269e avia-slideshow-no scaling av_slideshow avia-slide-slider  avia-builder-el-36  avia-builder-el-no-sibling  av-slideshow-ui av-control-default av-slideshow-autoplay av-loop-endless av-loop-manual-endless av-default-height-applied avia-slideshow-4' data-slideshow-options=\"{&quot;animation&quot;:&quot;slide&quot;,&quot;autoplay&quot;:true,&quot;loop_autoplay&quot;:&quot;endless&quot;,&quot;interval&quot;:4,&quot;loop_manual&quot;:&quot;manual-endless&quot;,&quot;autoplay_stopper&quot;:false,&quot;noNavigation&quot;:false,&quot;bg_slider&quot;:false,&quot;keep_padding&quot;:false,&quot;hoverpause&quot;:false,&quot;show_slide_delay&quot;:0}\"  itemprop=\"image\" itemscope=\"itemscope\" itemtype=\"https:\/\/schema.org\/ImageObject\" ><ul class='avia-slideshow-inner ' style='padding-bottom: 66.625%;'><li  class='avia-slideshow-slide av-cuzf3-a27e6ccebb86490404568efbcbf8269e__0  slide-1 slide-odd'><div data-rel='slideshow-4' class='avia-slide-wrap '   ><img decoding=\"async\" fetchpriority=\"high\" class=\"wp-image-1918 avia-img-lazy-loading-not-1918\"  src=\"https:\/\/camping-dordogne.net\/wp-content\/uploads\/2018\/11\/mobili-home-platane-bdr.jpg\" width=\"800\" height=\"533\" title='mobili-home-platane-bdr' alt=''  itemprop=\"thumbnailUrl\" srcset=\"https:\/\/camping-dordogne.net\/wp-content\/uploads\/2018\/11\/mobili-home-platane-bdr.jpg 800w, https:\/\/camping-dordogne.net\/wp-content\/uploads\/2018\/11\/mobili-home-platane-bdr-300x200.jpg 300w, https:\/\/camping-dordogne.net\/wp-content\/uploads\/2018\/11\/mobili-home-platane-bdr-768x512.jpg 768w, https:\/\/camping-dordogne.net\/wp-content\/uploads\/2018\/11\/mobili-home-platane-bdr-705x470.jpg 705w, https:\/\/camping-dordogne.net\/wp-content\/uploads\/2018\/11\/mobili-home-platane-bdr-450x300.jpg 450w\" sizes=\"(max-width: 800px) 100vw, 800px\" \/><\/div><\/li><li  class='avia-slideshow-slide av-cuzf3-a27e6ccebb86490404568efbcbf8269e__1  slide-2 slide-even'><div data-rel='slideshow-4' class='avia-slide-wrap '   ><img decoding=\"async\" fetchpriority=\"high\" class=\"wp-image-1912 avia-img-lazy-loading-not-1912\"  src=\"https:\/\/camping-dordogne.net\/wp-content\/uploads\/2018\/11\/mh3chbregdeterra6pers-3.jpg\" width=\"450\" height=\"332\" title='mh3chbregdeterra6pers-3' alt=''  itemprop=\"thumbnailUrl\" srcset=\"https:\/\/camping-dordogne.net\/wp-content\/uploads\/2018\/11\/mh3chbregdeterra6pers-3.jpg 450w, https:\/\/camping-dordogne.net\/wp-content\/uploads\/2018\/11\/mh3chbregdeterra6pers-3-300x221.jpg 300w\" sizes=\"(max-width: 450px) 100vw, 450px\" \/><\/div><\/li><li  class='avia-slideshow-slide av-cuzf3-a27e6ccebb86490404568efbcbf8269e__2  slide-3 slide-odd'><div data-rel='slideshow-4' class='avia-slide-wrap '   ><img decoding=\"async\" fetchpriority=\"high\" class=\"wp-image-1914 avia-img-lazy-loading-not-1914\"  src=\"https:\/\/camping-dordogne.net\/wp-content\/uploads\/2018\/11\/plan-834.jpg\" width=\"450\" height=\"332\" title='plan-834' alt=''  itemprop=\"thumbnailUrl\" srcset=\"https:\/\/camping-dordogne.net\/wp-content\/uploads\/2018\/11\/plan-834.jpg 450w, https:\/\/camping-dordogne.net\/wp-content\/uploads\/2018\/11\/plan-834-300x221.jpg 300w\" sizes=\"(max-width: 450px) 100vw, 450px\" \/><\/div><\/li><\/ul><div class='avia-slideshow-arrows avia-slideshow-controls' ><a href='#prev' class='prev-slide  avia-svg-icon avia-font-svg_entypo-fontello' data-av_svg_icon='left-open-big' data-av_iconset='svg_entypo-fontello' tabindex='-1' title=\"Vorige\"><svg version=\"1.1\" xmlns=\"http:\/\/www.w3.org\/2000\/svg\" width=\"15\" height=\"32\" viewBox=\"0 0 15 32\" preserveAspectRatio=\"xMidYMid meet\" aria-labelledby='av-svg-title-3' aria-describedby='av-svg-desc-3' role=\"graphics-symbol\" aria-hidden=\"true\">\n<title id='av-svg-title-3'>Vorige<\/title>\n<desc id='av-svg-desc-3'>Vorige<\/desc>\n<path d=\"M14.464 27.84q0.832 0.832 0 1.536-0.832 0.832-1.536 0l-12.544-12.608q-0.768-0.768 0-1.6l12.544-12.608q0.704-0.832 1.536 0 0.832 0.704 0 1.536l-11.456 11.904z\"><\/path>\n<\/svg><span class='avia_hidden_link_text'>Vorige<\/span><\/a><a href='#next' class='next-slide  avia-svg-icon avia-font-svg_entypo-fontello' data-av_svg_icon='right-open-big' data-av_iconset='svg_entypo-fontello' tabindex='-1' title=\"Volgende\"><svg version=\"1.1\" xmlns=\"http:\/\/www.w3.org\/2000\/svg\" width=\"15\" height=\"32\" viewBox=\"0 0 15 32\" preserveAspectRatio=\"xMidYMid meet\" aria-labelledby='av-svg-title-4' aria-describedby='av-svg-desc-4' role=\"graphics-symbol\" aria-hidden=\"true\">\n<title id='av-svg-title-4'>Volgende<\/title>\n<desc id='av-svg-desc-4'>Volgende<\/desc>\n<path d=\"M0.416 27.84l11.456-11.84-11.456-11.904q-0.832-0.832 0-1.536 0.832-0.832 1.536 0l12.544 12.608q0.768 0.832 0 1.6l-12.544 12.608q-0.704 0.832-1.536 0-0.832-0.704 0-1.536z\"><\/path>\n<\/svg><span class='avia_hidden_link_text'>Volgende<\/span><\/a><\/div><div class='avia-slideshow-dots avia-slideshow-controls'><a href='#1' class='goto-slide active' >1<\/a><a href='#2' class='goto-slide ' >2<\/a><a href='#3' class='goto-slide ' >3<\/a><\/div><\/div><\/div><div class='av-flex-placeholder'><\/div>\n<style type=\"text\/css\" data-created_by=\"avia_inline_auto\" id=\"style-css-av-zgzj-f9961a7b8f6e22add2869df7ef82907e\">\n.flex_column.av-zgzj-f9961a7b8f6e22add2869df7ef82907e{\nborder-width:1px;\nborder-color:#f8f3ed;\nborder-style:solid;\nborder-radius:0px 0px 0px 0px;\npadding:20px 20px 20px 20px;\nbackground-color:#fcfcfc;\n}\n<\/style>\n<div  class='flex_column av-zgzj-f9961a7b8f6e22add2869df7ef82907e av_two_fifth  avia-builder-el-37  el_after_av_three_fifth  el_before_av_button_big  avia-builder-el-last  flex_column_table_cell av-equal-height-column av-align-middle  '     ><section  class='av_textblock_section av-jp18yzq5-e7044a92c5a5fb2879060e4196bc9e4a '   itemscope=\"itemscope\" itemtype=\"https:\/\/schema.org\/CreativeWork\" ><div class='avia_textblock'  itemprop=\"text\" ><p>Mobile-home met 3 slaapkamers aan de oever van de rivier de Dronne, u heeft alle comfort in deze moderne stacaravan van 31 m2 met een groot terras. Geniet vanaf uw ligstoel van het uitzicht op de rivier in de zon van de Dordogne.<br \/>\nHet tuinmeubilair biedt u de mogelijkheid om te eten aan de waterkant.<br \/>\nNaast de accommodatie is een parkeerplaats voor uw auto.<br \/>\nGratis standaard Wifi (voor e-mail en sociale media), 4G-netwerk dekking.<br \/>\nVerboden te roken, huisdieren toegestaan na overleg.<\/p>\n<p>1 slaapkamer heeft een stapelbed (geschikt voor maximaal 60 kg voor het bovenste bed) of een uitschuifbed in de 2014 modellen. Mobile-home volledig uitgerust voor 6 personen: WC, wastafel en douche, warm water, verwarming, koelkast, gaskookplaat, magnetron, koffiezetapparaat, pannen, serviesgoed, dekbedden en kussens.<\/p>\n<\/div><\/section><\/div><\/div><!--close column table wrapper. Autoclose: 1 --><div  class='avia-button-wrap avia-button-center  avia-builder-el-39  el_after_av_two_fifth  avia-builder-el-last '>\n<style type=\"text\/css\" data-created_by=\"avia_inline_auto\" id=\"style-css-av-jp1g50kn-6ac98b071b8f07dfc07ec9b10f4b05b3\">\n#top #wrap_all .avia-button.av-jp1g50kn-6ac98b071b8f07dfc07ec9b10f4b05b3:hover{\ncolor:#ffffff;\ntransition:all 0.4s ease-in-out;\n}\n#top #wrap_all .avia-button.av-jp1g50kn-6ac98b071b8f07dfc07ec9b10f4b05b3:hover .avia-svg-icon svg:first-child{\nfill:#ffffff;\nstroke:#ffffff;\n}\n<\/style>\n<a href='https:\/\/bookingpremium.secureholiday.net\/nl\/3198\/Search\/product\/40605' class='av-icon-on-hover avia-color-theme-color avia-font-color-theme-color avia-button avia-button-fullwidth av-jp1g50kn-6ac98b071b8f07dfc07ec9b10f4b05b3 avia-icon_select-yes-left-icon avia-color-theme-color'  target=\"_blank\"  rel=\"noopener noreferrer\"  aria-label=\"Beschikbaarheid Reserveringen\"><span class='avia_button_icon avia_button_icon_left avia-iconfont avia-font-entypo-fontello' data-av_icon='\ue832' data-av_iconfont='entypo-fontello' ><\/span><span class='avia_iconbox_title' >Beschikbaarheid Reserveringen<\/span><span class='avia_button_background avia-button avia-button-fullwidth avia-color-theme-color'><\/span><\/a><\/div>\n\n<\/div><\/div><\/div><!-- close content main div --><\/div><\/div><div id='av_section_6'  class='avia-section av-9d1gv-2677732cf83f3b02bcac409fd1c8e41e main_color avia-section-default avia-no-border-styling  avia-builder-el-40  el_after_av_section  avia-builder-el-last  avia-bg-style-scroll container_wrap sidebar_right'  ><div class='container av-section-cont-open' ><div class='template-page content  av-content-small alpha units'><div class='post-entry post-entry-type-page post-entry-4511'><div class='entry-content-wrapper clearfix'>\n\n<style type=\"text\/css\" data-created_by=\"avia_inline_auto\" id=\"style-css-av-jp2pqq3w-32fb10a46d059ee25bae7b58a22c61d7\">\n.flex_column.av-jp2pqq3w-32fb10a46d059ee25bae7b58a22c61d7{\nborder-width:1px;\nborder-style:solid;\nborder-radius:0px 0px 0px 0px;\npadding:20px 20px 20px 20px;\nbackground-color:#f8f3ed;\n}\n<\/style>\n<div  class='flex_column av-jp2pqq3w-32fb10a46d059ee25bae7b58a22c61d7 av_one_full  avia-builder-el-41  avia-builder-el-no-sibling  first flex_column_div  '     ><style type=\"text\/css\" data-created_by=\"avia_inline_auto\" id=\"style-css-av-jp19vb89-774dfb797044dad17ef1b32ae32520c2\">\n.iconbox.av-jp19vb89-774dfb797044dad17ef1b32ae32520c2 .iconbox_icon{\nbackground-color:#97bf0d;\n}\n<\/style>\n<article  class='iconbox iconbox_left_content av-jp19vb89-774dfb797044dad17ef1b32ae32520c2 av-icon-style-no-border  avia-builder-el-42  avia-builder-el-no-sibling '  itemscope=\"itemscope\" itemtype=\"https:\/\/schema.org\/CreativeWork\" ><div class='iconbox_icon heading-color avia-iconfont avia-font-entypo-fontello' data-av_icon='\ue81e' data-av_iconfont='entypo-fontello'  ><\/div><div class=\"iconbox_content\"><header class=\"entry-content-header\" aria-label=\"Icoon: Aankomst en verblijf\"><h3 class='iconbox_content_title '  itemprop=\"headline\" >Aankomst en verblijf<\/h3><\/header><div class='iconbox_content_container '  itemprop=\"text\" ><p>Aankomst: u kunt vanaf 16.00 uur bij ons terecht. Vertrek: tussen 08.00 uur en 10.00 uur, in overleg.<br \/>\nIn het laagseizoen kunt u op elke dag van de week arriveren, in het hoogseizoen is aankomst alleen op zaterdag mogelijk.<br \/>\nBij aankomst vragen we u om de betaling van een waarborgsom van 300 \u20ac.<br \/>\nHet chalet is voorzien van dekbedden en kussens, vergeet niet uw eigen dekbedhoezen\/lakens en kussenslopen mee te nemen. U kunt eventueel ook kiezen voor wegwerp-lakens (toeslag).<br \/>\nVergeet niet een spons en reinigingsmiddel mee te nemen, wij zorgen voor een bezem en een dweil.<br \/>\nWe raden onze klanten aan een annuleringsverzekering af te sluiten.<\/p>\n<div  class='avia-button-wrap av-7niyn-8bfdc54f2cb84ac011870372ec1c5ae7-wrap avia-button-left  avia-builder-el-43  avia-builder-el-no-sibling '>\n<style type=\"text\/css\" data-created_by=\"avia_inline_auto\" id=\"style-css-av-7niyn-8bfdc54f2cb84ac011870372ec1c5ae7\">\n#top #wrap_all .avia-button.av-7niyn-8bfdc54f2cb84ac011870372ec1c5ae7{\nbackground-color:#463e3e;\nborder-color:#463e3e;\ncolor:#ffffff;\ntransition:all 0.4s ease-in-out;\n}\n#top #wrap_all .avia-button.av-7niyn-8bfdc54f2cb84ac011870372ec1c5ae7 .avia-svg-icon svg:first-child{\nfill:#ffffff;\nstroke:#ffffff;\n}\n<\/style>\n<a href='https:\/\/gap.gritchen.fr\/partenaire\/produits\/__commun\/client-cga.php?lang=nl&amp;contrat=client_produit_garantie-7b407037137aa1a73dcc75e89d46584d-1283'  class='avia-button av-7niyn-8bfdc54f2cb84ac011870372ec1c5ae7 av-link-btn avia-icon_select-yes-left-icon avia-size-small avia-position-left av-icon-on-hover'  target=\"_blank\"  rel=\"noopener noreferrer\"  aria-label=\"Annuleringsverzekering\"><span class='avia_button_icon avia_button_icon_left avia-iconfont avia-font-entypo-fontello' data-av_icon='\ue832' data-av_iconfont='entypo-fontello' ><\/span><span class='avia_iconbox_title' >Annuleringsverzekering<\/span><\/a><\/div>\n<\/div><\/div><footer class=\"entry-footer\"><\/footer><\/article><\/div>\n<\/div><\/div><\/div><!-- close content main div --><\/div><\/div><div id='after_section_6'  class='main_color av_default_container_wrap container_wrap sidebar_right'  ><div class='container av-section-cont-open' ><div class='template-page content  av-content-small alpha units'><div class='post-entry post-entry-type-page post-entry-4511'><div class='entry-content-wrapper clearfix'>\n","protected":false},"excerpt":{"rendered":"<p>Aenean massa. Cum sociis natoque penatibus et magnis dis parturient montes, nascetur ridiculus mus. <\/p>\n","protected":false},"author":1,"featured_media":0,"template":"","meta":{"footnotes":""},"tags":[],"portfolio_entries":[],"class_list":["post-4511","portfolio","type-portfolio","status-publish","hentry"],"yoast_head":"<!-- This site is optimized with the Yoast SEO plugin v27.5 - https:\/\/yoast.com\/product\/yoast-seo-wordpress\/ -->\n<title>Location mobil home Dordogne bord de rivi\u00e8re en camping 3 \u00e9toiles<\/title>\n<meta name=\"description\" content=\"Louer un mobil home bord de rivi\u00e8re en Dordogne P\u00e9rigord dans un camping 3 \u00e9toiles, nature, baignade et piscine chauff\u00e9e au camping*** Brant\u00f4me Peyrelevade\" \/>\n<meta name=\"robots\" content=\"index, follow, max-snippet:-1, max-image-preview:large, max-video-preview:-1\" \/>\n<link rel=\"canonical\" href=\"https:\/\/camping-dordogne.net\/nl\/hebergements-camping-brantome\/confort-aan-de-rivier\/\" \/>\n<meta property=\"og:locale\" content=\"nl_NL\" \/>\n<meta property=\"og:type\" content=\"article\" \/>\n<meta property=\"og:title\" content=\"Location mobil home Dordogne bord de rivi\u00e8re en camping 3 \u00e9toiles\" \/>\n<meta property=\"og:description\" content=\"Louer un mobil home bord de rivi\u00e8re en Dordogne P\u00e9rigord dans un camping 3 \u00e9toiles, nature, baignade et piscine chauff\u00e9e au camping*** Brant\u00f4me Peyrelevade\" \/>\n<meta property=\"og:url\" content=\"https:\/\/camping-dordogne.net\/nl\/hebergements-camping-brantome\/confort-aan-de-rivier\/\" \/>\n<meta property=\"og:site_name\" content=\"Camping Brant\u00f4me Peyrelevade\" \/>\n<meta property=\"article:publisher\" content=\"https:\/\/www.facebook.com\/campingBrantomeenPerigordPeyrelevadeDordogne\/\" \/>\n<meta property=\"article:modified_time\" content=\"2024-04-03T10:09:52+00:00\" \/>\n<meta name=\"twitter:card\" content=\"summary_large_image\" \/>\n<meta name=\"twitter:label1\" content=\"Geschatte leestijd\" \/>\n\t<meta name=\"twitter:data1\" content=\"10 minuten\" \/>\n<script type=\"application\/ld+json\" class=\"yoast-schema-graph\">{\"@context\":\"https:\\\/\\\/schema.org\",\"@graph\":[{\"@type\":\"WebPage\",\"@id\":\"https:\\\/\\\/camping-dordogne.net\\\/nl\\\/hebergements-camping-brantome\\\/confort-aan-de-rivier\\\/\",\"url\":\"https:\\\/\\\/camping-dordogne.net\\\/nl\\\/hebergements-camping-brantome\\\/confort-aan-de-rivier\\\/\",\"name\":\"Location mobil home Dordogne bord de rivi\u00e8re en camping 3 \u00e9toiles\",\"isPartOf\":{\"@id\":\"https:\\\/\\\/camping-dordogne.net\\\/en\\\/#website\"},\"datePublished\":\"2022-10-24T15:52:34+00:00\",\"dateModified\":\"2024-04-03T10:09:52+00:00\",\"description\":\"Louer un mobil home bord de rivi\u00e8re en Dordogne P\u00e9rigord dans un camping 3 \u00e9toiles, nature, baignade et piscine chauff\u00e9e au camping*** Brant\u00f4me Peyrelevade\",\"breadcrumb\":{\"@id\":\"https:\\\/\\\/camping-dordogne.net\\\/nl\\\/hebergements-camping-brantome\\\/confort-aan-de-rivier\\\/#breadcrumb\"},\"inLanguage\":\"nl-NL\",\"potentialAction\":[{\"@type\":\"ReadAction\",\"target\":[\"https:\\\/\\\/camping-dordogne.net\\\/nl\\\/hebergements-camping-brantome\\\/confort-aan-de-rivier\\\/\"]}]},{\"@type\":\"BreadcrumbList\",\"@id\":\"https:\\\/\\\/camping-dordogne.net\\\/nl\\\/hebergements-camping-brantome\\\/confort-aan-de-rivier\\\/#breadcrumb\",\"itemListElement\":[{\"@type\":\"ListItem\",\"position\":1,\"name\":\"Accueil\",\"item\":\"https:\\\/\\\/camping-dordogne.net\\\/nl\\\/\"},{\"@type\":\"ListItem\",\"position\":2,\"name\":\"Confort aan de rivier\"}]},{\"@type\":\"WebSite\",\"@id\":\"https:\\\/\\\/camping-dordogne.net\\\/en\\\/#website\",\"url\":\"https:\\\/\\\/camping-dordogne.net\\\/en\\\/\",\"name\":\"Camping Brant\u00f4me Peyrelevade\",\"description\":\"Camping 3 \u00e9toiles en Dordogne P\u00e9rigord\",\"potentialAction\":[{\"@type\":\"SearchAction\",\"target\":{\"@type\":\"EntryPoint\",\"urlTemplate\":\"https:\\\/\\\/camping-dordogne.net\\\/en\\\/?s={search_term_string}\"},\"query-input\":{\"@type\":\"PropertyValueSpecification\",\"valueRequired\":true,\"valueName\":\"search_term_string\"}}],\"inLanguage\":\"nl-NL\"}]}<\/script>\n<!-- \/ Yoast SEO plugin. -->","yoast_head_json":{"title":"Location mobil home Dordogne bord de rivi\u00e8re en camping 3 \u00e9toiles","description":"Louer un mobil home bord de rivi\u00e8re en Dordogne P\u00e9rigord dans un camping 3 \u00e9toiles, nature, baignade et piscine chauff\u00e9e au camping*** Brant\u00f4me Peyrelevade","robots":{"index":"index","follow":"follow","max-snippet":"max-snippet:-1","max-image-preview":"max-image-preview:large","max-video-preview":"max-video-preview:-1"},"canonical":"https:\/\/camping-dordogne.net\/nl\/hebergements-camping-brantome\/confort-aan-de-rivier\/","og_locale":"nl_NL","og_type":"article","og_title":"Location mobil home Dordogne bord de rivi\u00e8re en camping 3 \u00e9toiles","og_description":"Louer un mobil home bord de rivi\u00e8re en Dordogne P\u00e9rigord dans un camping 3 \u00e9toiles, nature, baignade et piscine chauff\u00e9e au camping*** Brant\u00f4me Peyrelevade","og_url":"https:\/\/camping-dordogne.net\/nl\/hebergements-camping-brantome\/confort-aan-de-rivier\/","og_site_name":"Camping Brant\u00f4me Peyrelevade","article_publisher":"https:\/\/www.facebook.com\/campingBrantomeenPerigordPeyrelevadeDordogne\/","article_modified_time":"2024-04-03T10:09:52+00:00","twitter_card":"summary_large_image","twitter_misc":{"Geschatte leestijd":"10 minuten"},"schema":{"@context":"https:\/\/schema.org","@graph":[{"@type":"WebPage","@id":"https:\/\/camping-dordogne.net\/nl\/hebergements-camping-brantome\/confort-aan-de-rivier\/","url":"https:\/\/camping-dordogne.net\/nl\/hebergements-camping-brantome\/confort-aan-de-rivier\/","name":"Location mobil home Dordogne bord de rivi\u00e8re en camping 3 \u00e9toiles","isPartOf":{"@id":"https:\/\/camping-dordogne.net\/en\/#website"},"datePublished":"2022-10-24T15:52:34+00:00","dateModified":"2024-04-03T10:09:52+00:00","description":"Louer un mobil home bord de rivi\u00e8re en Dordogne P\u00e9rigord dans un camping 3 \u00e9toiles, nature, baignade et piscine chauff\u00e9e au camping*** Brant\u00f4me Peyrelevade","breadcrumb":{"@id":"https:\/\/camping-dordogne.net\/nl\/hebergements-camping-brantome\/confort-aan-de-rivier\/#breadcrumb"},"inLanguage":"nl-NL","potentialAction":[{"@type":"ReadAction","target":["https:\/\/camping-dordogne.net\/nl\/hebergements-camping-brantome\/confort-aan-de-rivier\/"]}]},{"@type":"BreadcrumbList","@id":"https:\/\/camping-dordogne.net\/nl\/hebergements-camping-brantome\/confort-aan-de-rivier\/#breadcrumb","itemListElement":[{"@type":"ListItem","position":1,"name":"Accueil","item":"https:\/\/camping-dordogne.net\/nl\/"},{"@type":"ListItem","position":2,"name":"Confort aan de rivier"}]},{"@type":"WebSite","@id":"https:\/\/camping-dordogne.net\/en\/#website","url":"https:\/\/camping-dordogne.net\/en\/","name":"Camping Brant\u00f4me Peyrelevade","description":"Camping 3 \u00e9toiles en Dordogne P\u00e9rigord","potentialAction":[{"@type":"SearchAction","target":{"@type":"EntryPoint","urlTemplate":"https:\/\/camping-dordogne.net\/en\/?s={search_term_string}"},"query-input":{"@type":"PropertyValueSpecification","valueRequired":true,"valueName":"search_term_string"}}],"inLanguage":"nl-NL"}]}},"_links":{"self":[{"href":"https:\/\/camping-dordogne.net\/nl\/wp-json\/wp\/v2\/portfolio\/4511","targetHints":{"allow":["GET"]}}],"collection":[{"href":"https:\/\/camping-dordogne.net\/nl\/wp-json\/wp\/v2\/portfolio"}],"about":[{"href":"https:\/\/camping-dordogne.net\/nl\/wp-json\/wp\/v2\/types\/portfolio"}],"author":[{"embeddable":true,"href":"https:\/\/camping-dordogne.net\/nl\/wp-json\/wp\/v2\/users\/1"}],"version-history":[{"count":0,"href":"https:\/\/camping-dordogne.net\/nl\/wp-json\/wp\/v2\/portfolio\/4511\/revisions"}],"wp:attachment":[{"href":"https:\/\/camping-dordogne.net\/nl\/wp-json\/wp\/v2\/media?parent=4511"}],"wp:term":[{"taxonomy":"post_tag","embeddable":true,"href":"https:\/\/camping-dordogne.net\/nl\/wp-json\/wp\/v2\/tags?post=4511"},{"taxonomy":"portfolio_entries","embeddable":true,"href":"https:\/\/camping-dordogne.net\/nl\/wp-json\/wp\/v2\/portfolio_entries?post=4511"}],"curies":[{"name":"wp","href":"https:\/\/api.w.org\/{rel}","templated":true}]}}